{"id":84,"date":"2020-02-25T11:55:04","date_gmt":"2020-02-25T10:55:04","guid":{"rendered":"http:\/\/www.charente2050.fr\/?page_id=84"},"modified":"2020-02-26T15:36:48","modified_gmt":"2020-02-26T14:36:48","slug":"donnees-ressources-en-eaux-et-milieux-aquatiques","status":"publish","type":"page","link":"https:\/\/www.charente2050.fr\/?page_id=84","title":{"rendered":"Donn\u00e9es Ressources en eaux et milieux"},"content":{"rendered":"\n<section id=\"gmc4a28f9\" class=\"wp-block-gutentor-m4 section-gmc4a28f9 gutentor-module gutentor-advanced-columns\"><div class=\"grid-container\"><div class=\"grid-row\">\n<div id=\"col-gmad7a1b\" class=\"wp-block-gutentor-m4-col col-gmad7a1b gutentor-single-column  grid-lg-8 grid-md-12 grid-12\"><div id=\"section-gmad7a1b\" class=\"section-gmad7a1b gutentor-col-wrap\">\n<p class=\"has-larger-font-size\">Eclairage : Changement Climatique<\/p>\n\n\n\n<p class=\"has-large-font-size\"><strong>La diff\u00e9rence entre climat et m\u00e9t\u00e9o<\/strong><\/p>\n\n\n\n<p>Le climat et la m\u00e9t\u00e9o sont deux notions distinctes. Le climat, les conditions moyennes \u00e0 un endroit donn\u00e9, la m\u00e9t\u00e9o , l\u2019\u00e9tude concr\u00e8te des ph\u00e9nom\u00e8nes atmosph\u00e9riques observables.<\/p>\n\n\n\n<p>Dans son troisi\u00e8me rapport de 2007, le <strong>GIEC a conclu que l\u2019effet de serre s\u2019\u00e9tait intensifi\u00e9 avec l\u2019industrialisation des soci\u00e9t\u00e9s humaines.<\/strong><\/p>\n\n\n\n<p>Cette augmentation est due aux \u00e9missions g\u00e9n\u00e9r\u00e9es par les activit\u00e9s humaines, <strong>EXTR\u00caMEMENT PROBABLE \u00e0 95% DE CHANCES<\/strong><\/p>\n\n\n\n<p>Les r\u00e9sultats des derni\u00e8res mod\u00e9lisations climatiques fran\u00e7aises publi\u00e9es en 2019 pour alimenter le prochain rapport du GIEC (qui sortira en 2021) annoncent un r\u00e9chauffement plus important en 2100 que le pr\u00e9voyaient les pr\u00e9c\u00e9dentes mod\u00e9lisations : <strong>+ 7\u00b0 en 2100 <\/strong>avec le sc\u00e9nario pessimiste.<\/p>\n\n\n\n<figure class=\"wp-block-image size-large\"><img loading=\"lazy\" width=\"1024\" height=\"432\" src=\"http:\/\/www.charente2050.fr\/wp-content\/uploads\/2020\/02\/Donnees-changement-evapotranspiration-1024x432.jpg\" alt=\"\" class=\"wp-image-155\" srcset=\"https:\/\/www.charente2050.fr\/wp-content\/uploads\/2020\/02\/Donnees-changement-evapotranspiration-1024x432.jpg 1024w, https:\/\/www.charente2050.fr\/wp-content\/uploads\/2020\/02\/Donnees-changement-evapotranspiration-300x127.jpg 300w, https:\/\/www.charente2050.fr\/wp-content\/uploads\/2020\/02\/Donnees-changement-evapotranspiration-768x324.jpg 768w, https:\/\/www.charente2050.fr\/wp-content\/uploads\/2020\/02\/Donnees-changement-evapotranspiration.jpg 1254w\" sizes=\"(max-width: 1024px) 100vw, 1024px\" \/><\/figure>\n\n\n\n<p>Le changement climatique se traduit par une hausse de l\u2019\u00e9vapotranspiration sur tout le territoire, qui induit <strong>une plus<\/strong> <strong>forte demande en eau de la v\u00e9g\u00e9tation et donc moins d\u2019infiltration dans les nappes.<\/strong><\/p>\n\n\n\n<div class=\"wp-block-image\"><figure class=\"aligncenter size-medium is-resized\"><img loading=\"lazy\" src=\"http:\/\/www.charente2050.fr\/wp-content\/uploads\/2020\/02\/Donnees-evolution-hydrologie-300x141.jpg\" alt=\"\" class=\"wp-image-156\" width=\"538\" height=\"253\" srcset=\"https:\/\/www.charente2050.fr\/wp-content\/uploads\/2020\/02\/Donnees-evolution-hydrologie-300x141.jpg 300w, https:\/\/www.charente2050.fr\/wp-content\/uploads\/2020\/02\/Donnees-evolution-hydrologie-1024x481.jpg 1024w, https:\/\/www.charente2050.fr\/wp-content\/uploads\/2020\/02\/Donnees-evolution-hydrologie-768x361.jpg 768w, https:\/\/www.charente2050.fr\/wp-content\/uploads\/2020\/02\/Donnees-evolution-hydrologie.jpg 1282w\" sizes=\"(max-width: 538px) 100vw, 538px\" \/><\/figure><\/div>\n<\/div><\/div>\n\n\n\n<div id=\"col-gmcb874d\" class=\"wp-block-gutentor-m4-col col-gmcb874d gutentor-single-column  grid-lg-4 grid-md-12 grid-12\"><div id=\"section-gmcb874d\" class=\"section-gmcb874d gutentor-col-wrap\">\n<figure class=\"wp-block-image size-large\"><img loading=\"lazy\" width=\"494\" height=\"1024\" src=\"http:\/\/www.charente2050.fr\/wp-content\/uploads\/2020\/02\/Donnees-changement-climat-494x1024.jpg\" alt=\"\" class=\"wp-image-143\" srcset=\"https:\/\/www.charente2050.fr\/wp-content\/uploads\/2020\/02\/Donnees-changement-climat-494x1024.jpg 494w, https:\/\/www.charente2050.fr\/wp-content\/uploads\/2020\/02\/Donnees-changement-climat-145x300.jpg 145w, https:\/\/www.charente2050.fr\/wp-content\/uploads\/2020\/02\/Donnees-changement-climat-768x1591.jpg 768w, https:\/\/www.charente2050.fr\/wp-content\/uploads\/2020\/02\/Donnees-changement-climat-741x1536.jpg 741w, https:\/\/www.charente2050.fr\/wp-content\/uploads\/2020\/02\/Donnees-changement-climat-988x2048.jpg 988w, https:\/\/www.charente2050.fr\/wp-content\/uploads\/2020\/02\/Donnees-changement-climat.jpg 1099w\" sizes=\"(max-width: 494px) 100vw, 494px\" \/><\/figure>\n\n\n\n<div class=\"wp-block-image\"><figure class=\"aligncenter size-large\"><img loading=\"lazy\" width=\"1024\" height=\"828\" src=\"http:\/\/www.charente2050.fr\/wp-content\/uploads\/2020\/02\/Donnees-changement-temperature-1024x828.jpg\" alt=\"\" class=\"wp-image-142\" srcset=\"https:\/\/www.charente2050.fr\/wp-content\/uploads\/2020\/02\/Donnees-changement-temperature-1024x828.jpg 1024w, https:\/\/www.charente2050.fr\/wp-content\/uploads\/2020\/02\/Donnees-changement-temperature-300x242.jpg 300w, https:\/\/www.charente2050.fr\/wp-content\/uploads\/2020\/02\/Donnees-changement-temperature-768x621.jpg 768w, https:\/\/www.charente2050.fr\/wp-content\/uploads\/2020\/02\/Donnees-changement-temperature.jpg 1402w\" sizes=\"(max-width: 1024px) 100vw, 1024px\" \/><\/figure><\/div>\n\n\n\n<section id=\"gmbe8c450\" class=\"wp-block-gutentor-m4 section-gmbe8c450 gutentor-module gutentor-advanced-columns\"><div class=\"grid-container\"><div class=\"grid-row\">\n<div id=\"col-gmbf322d\" class=\"wp-block-gutentor-m4-col col-gmbf322d gutentor-single-column  grid-lg-2 grid-md-12 grid-12\"><div id=\"section-gmbf322d\" class=\"section-gmbf322d gutentor-col-wrap\"><\/div><\/div>\n\n\n\n<div id=\"col-gm5160dd\" class=\"wp-block-gutentor-m4-col col-gm5160dd gutentor-single-column  grid-lg-10 grid-md-12 grid-12\"><div id=\"section-gm5160dd\" class=\"section-gm5160dd gutentor-col-wrap\"><\/div><\/div>\n<\/div><\/div><\/section>\n<\/div><\/div>\n<\/div><\/div><\/section>\n\n\n\n<p class=\"has-large-font-size\"><strong>Evolution de la qualit\u00e9 des eaux<\/strong><\/p>\n\n\n\n<h5><strong><a href=\"http:\/\/www.charente2050.fr\/wp-content\/uploads\/2020\/02\/Donnees-etat-eau.jpg\"><img loading=\"lazy\" class=\"alignleft wp-image-157\" src=\"http:\/\/www.charente2050.fr\/wp-content\/uploads\/2020\/02\/Donnees-etat-eau-724x1024.jpg\" alt=\"\" width=\"300\" height=\"424\" srcset=\"https:\/\/www.charente2050.fr\/wp-content\/uploads\/2020\/02\/Donnees-etat-eau-724x1024.jpg 724w, https:\/\/www.charente2050.fr\/wp-content\/uploads\/2020\/02\/Donnees-etat-eau-212x300.jpg 212w, https:\/\/www.charente2050.fr\/wp-content\/uploads\/2020\/02\/Donnees-etat-eau-768x1086.jpg 768w, https:\/\/www.charente2050.fr\/wp-content\/uploads\/2020\/02\/Donnees-etat-eau-1086x1536.jpg 1086w, https:\/\/www.charente2050.fr\/wp-content\/uploads\/2020\/02\/Donnees-etat-eau.jpg 1126w\" sizes=\"(max-width: 300px) 100vw, 300px\" \/><\/a>Des masses d\u2019eau superficielles en \u00e9tat \u00e9cologique moyen<\/strong><\/h5>\n<p>Seulement <strong>14, 3 % <\/strong>des masses d\u2019eau (soit <strong>26 <\/strong>des <strong>181<\/strong>) sont \u00e9valu\u00e9es en bon \u00e9tat \u00e9cologique mauvais bilan en oxyg\u00e8ne mesur\u00e9 dans les milieux et \u00e0 concentrations en nitrates et produits phytosanitaires d\u00e9passant les valeurs seuils.<\/p>\n<div class=\"page\" title=\"Page 4\">\n<div class=\"layoutArea\">\n<div class=\"column\">\n<h5>Evolution de la morphologie des cours d\u2019eau<\/h5>\n<p>La forme de la rivie\u0300re ou sa morphologie est dynamique. Son e\u0301volution est le re\u0301sultat d\u2019un e\u0301quilibre entre la charge solide ge\u0301ne\u0301re\u0301e et le de\u0301bit liquide. L\u2019alte\u0301ration hydro-morphologique sur le bassin concerne principalement le compartiment morphologie : <strong>42% des masses d\u2019eau pre\u0301sentent une alte\u0301ration e\u0301leve\u0301e<\/strong>.<\/p>\n<\/div>\n<\/div>\n<\/div>\n\n\n\n<figure class=\"wp-block-image size-large\"><img loading=\"lazy\" width=\"1024\" height=\"197\" src=\"http:\/\/www.charente2050.fr\/wp-content\/uploads\/2020\/02\/Donnees-levier-agri-bois-1024x197.jpg\" alt=\"\" class=\"wp-image-158\" srcset=\"https:\/\/www.charente2050.fr\/wp-content\/uploads\/2020\/02\/Donnees-levier-agri-bois-1024x197.jpg 1024w, https:\/\/www.charente2050.fr\/wp-content\/uploads\/2020\/02\/Donnees-levier-agri-bois-300x58.jpg 300w, https:\/\/www.charente2050.fr\/wp-content\/uploads\/2020\/02\/Donnees-levier-agri-bois-768x147.jpg 768w, https:\/\/www.charente2050.fr\/wp-content\/uploads\/2020\/02\/Donnees-levier-agri-bois-1536x295.jpg 1536w, https:\/\/www.charente2050.fr\/wp-content\/uploads\/2020\/02\/Donnees-levier-agri-bois-2048x393.jpg 2048w\" sizes=\"(max-width: 1024px) 100vw, 1024px\" \/><\/figure>\n\n\n\n<h3>Retrouvez tout le d\u00e9tail du diagnostic et des donn\u00e9es dans les fiches ci-jointes :<\/h3>\n<ul>\n<li><a href=\"http:\/\/www.fleuve-charente.net\/wp-content\/files\/Charente2050\/1.1_RESSOURCES_Qu'est%20ce%20que%20le%20changement%20climatique.pdf\" target=\"_blank\" rel=\"noopener noreferrer\">Fiche 1.1 Qu\u2019est-ce que le changement climatique?<\/a><\/li>\n<li><a href=\"http:\/\/www.fleuve-charente.net\/wp-content\/files\/Charente2050\/1.2_RESSOURCES_Mod\u00e9lisation%20climatique.pdf\" target=\"_blank\" rel=\"noopener noreferrer\">Fiche 1.2 Mod\u00e9lisation climatique<\/a><\/li>\n<li><a href=\"http:\/\/www.fleuve-charente.net\/wp-content\/files\/Charente2050\/1.3_RESSOURCES_Temp\u00e9rature.pdf\" target=\"_blank\" rel=\"noopener noreferrer\">Fiche 1.3 Temp\u00e9rature<\/a><\/li>\n<li><a href=\"http:\/\/www.fleuve-charente.net\/wp-content\/files\/Charente2050\/1.4_RESSOURCES_Pluviom\u00e9trieV2.pdf\" target=\"_blank\" rel=\"noopener noreferrer\">Fiche 1.4 Pluviom\u00e9trie<\/a><\/li>\n<li><a href=\"http:\/\/www.fleuve-charente.net\/wp-content\/files\/Charente2050\/1.5_RESSOURCES_Evapotranspiration%20et%20s\u00e9cheresses.pdf\" target=\"_blank\" rel=\"noopener noreferrer\">Fiche 1.5 ETP et S\u00e9cheresse<\/a><\/li>\n<li><a href=\"http:\/\/www.fleuve-charente.net\/wp-content\/files\/Charente2050\/1.6_RESSOURCES_Impact%20du%20changement%20climatique%20sur%20la%20ressource.pdf\" target=\"_blank\" rel=\"noopener noreferrer\">Fiche 1.6 Impact du changement climatique sur la ressource en eau<\/a><\/li>\n<li><a href=\"http:\/\/www.fleuve-charente.net\/wp-content\/files\/Charente2050\/1.7_RESSOURCES_Etat%20et%20gestion%20quantitative.pdf\" target=\"_blank\" rel=\"noopener noreferrer\">Fiche 1.7 Etat et gestion quantitative de la ressource en eau<\/a><\/li>\n<li><a href=\"http:\/\/www.fleuve-charente.net\/wp-content\/files\/Charente2050\/1.8_RESSOURCES_Qualit\u00e9%20des%20eaux.pdf\" target=\"_blank\" rel=\"noopener noreferrer\">Fiche 1.8 Qualit\u00e9 des eaux<\/a><\/li>\n<li><a href=\"http:\/\/www.fleuve-charente.net\/wp-content\/files\/Charente2050\/1.9_RESSOURCES_Fonctionnalit\u00e9s%20des%20cours%20d'eau.pdf\" target=\"_blank\" rel=\"noopener noreferrer\">Fiche 1.9 Fonctionnalit\u00e9 des cours d\u2019eau<\/a><\/li>\n<li><a href=\"http:\/\/www.fleuve-charente.net\/wp-content\/files\/Charente2050\/1.10_RESSOURCES_Milieux%20humides.pdf\" target=\"_blank\" rel=\"noopener noreferrer\">Fiche 1.10 Milieux humides<\/a><\/li>\n<\/ul>\n","protected":false},"excerpt":{"rendered":"<p>Evolution de la qualit\u00e9 des eaux Des masses d\u2019eau superficielles en \u00e9tat \u00e9cologique moyen Seulement 14, 3 % des masses d\u2019eau (soit 26 des 181) sont \u00e9valu\u00e9es en bon \u00e9tat \u00e9cologique mauvais bilan en oxyg\u00e8ne mesur\u00e9 dans les milieux et \u00e0 concentrations en nitrates et produits phytosanitaires d\u00e9passant les valeurs seuils. Evolution de la morphologie [&hellip;]<\/p>\n","protected":false},"author":1,"featured_media":0,"parent":64,"menu_order":0,"comment_status":"closed","ping_status":"closed","template":"","meta":{"_coblocks_attr":"","_coblocks_dimensions":"","_coblocks_responsive_height":"","_coblocks_accordion_ie_support":""},"featured_image_src":null,"featured_image_src_square":null,"uagb_featured_image_src":{"full":false,"thumbnail":false,"medium":false,"medium_large":false,"large":false,"1536x1536":false,"2048x2048":false,"ab-block-post-grid-landscape":false,"ab-block-post-grid-square":false,"ultp_layout_landscape_large":false,"ultp_layout_landscape":false,"ultp_layout_portrait":false,"ultp_layout_square":false,"gb-block-post-grid-landscape":false,"gb-block-post-grid-square":false},"uagb_author_info":{"display_name":"adminCharente2050","author_link":"https:\/\/www.charente2050.fr\/?author=1"},"uagb_comment_info":0,"uagb_excerpt":"Evolution de la qualit\u00e9 des eaux Des masses d\u2019eau superficielles en \u00e9tat \u00e9cologique moyen Seulement 14, 3 % des masses d\u2019eau (soit 26 des 181) sont \u00e9valu\u00e9es en bon \u00e9tat \u00e9cologique mauvais bilan en oxyg\u00e8ne mesur\u00e9 dans les milieux et \u00e0 concentrations en nitrates et produits phytosanitaires d\u00e9passant les valeurs seuils. Evolution de la morphologie\u2026","_links":{"self":[{"href":"https:\/\/www.charente2050.fr\/index.php?rest_route=\/wp\/v2\/pages\/84"}],"collection":[{"href":"https:\/\/www.charente2050.fr\/index.php?rest_route=\/wp\/v2\/pages"}],"about":[{"href":"https:\/\/www.charente2050.fr\/index.php?rest_route=\/wp\/v2\/types\/page"}],"author":[{"embeddable":true,"href":"https:\/\/www.charente2050.fr\/index.php?rest_route=\/wp\/v2\/users\/1"}],"replies":[{"embeddable":true,"href":"https:\/\/www.charente2050.fr\/index.php?rest_route=%2Fwp%2Fv2%2Fcomments&post=84"}],"version-history":[{"count":6,"href":"https:\/\/www.charente2050.fr\/index.php?rest_route=\/wp\/v2\/pages\/84\/revisions"}],"predecessor-version":[{"id":283,"href":"https:\/\/www.charente2050.fr\/index.php?rest_route=\/wp\/v2\/pages\/84\/revisions\/283"}],"up":[{"embeddable":true,"href":"https:\/\/www.charente2050.fr\/index.php?rest_route=\/wp\/v2\/pages\/64"}],"wp:attachment":[{"href":"https:\/\/www.charente2050.fr\/index.php?rest_route=%2Fwp%2Fv2%2Fmedia&parent=84"}],"curies":[{"name":"wp","href":"https:\/\/api.w.org\/{rel}","templated":true}]}}