{"id":889,"date":"2024-10-28T14:55:40","date_gmt":"2024-10-28T13:55:40","guid":{"rendered":"https:\/\/www.charente2050.fr\/?page_id=889"},"modified":"2026-04-13T16:52:20","modified_gmt":"2026-04-13T14:52:20","slug":"indicateur-1-evolution-passee-de-la-temperature-de-lair","status":"publish","type":"page","link":"https:\/\/www.charente2050.fr\/?page_id=889","title":{"rendered":"Indicateur 1 : \u00c9volution pass\u00e9e de la temp\u00e9rature de l&rsquo;air"},"content":{"rendered":"\n<p class=\"has-text-color has-larger-font-size\" style=\"color:#0071a1\"><strong>D\u00e9finition <\/strong><\/p>\n\n\n\n<p class=\"has-black-color has-text-color\">La <strong>temp\u00e9rature de l&rsquo;air<\/strong> r\u00e9sulte de divers \u00e9changes d&rsquo;\u00e9nergie dans l&rsquo;atmosph\u00e8re.  Ce param\u00e8tre <strong>\u00e9volue naturellement<\/strong> \u00e0 l&rsquo;\u00e9chelle des temps g\u00e9ologique. Cependant, les \u00e9missions de gaz \u00e0 effet de serre <strong>d&rsquo;origine anthropique tendent \u00e0 acc\u00e9l\u00e9rer cette \u00e9volution<\/strong>. <\/p>\n\n\n\n<p class=\"has-black-color has-text-color\"> Ainsi, les temp\u00e9ratures sont mesur\u00e9es par les <strong>stations m\u00e9t\u00e9orologiques de M\u00e9t\u00e9o-France<\/strong> en degr\u00e9s Celsius (\u00b0C). Pour cet indicateur, 17 stations m\u00e9t\u00e9orologiques ont \u00e9t\u00e9 s\u00e9lectionn\u00e9es.  <\/p>\n\n\n\n<p class=\"has-black-color has-text-color\"> L&rsquo;\u00e9tude de l&rsquo;indicateur de la temp\u00e9rature de l&rsquo;air permet de <strong>suivre l&rsquo;\u00e9volution climatique pass\u00e9e sur le bassin et d&rsquo;identifier les zones les plus sensibles gr\u00e2ce \u00e0 sa mise \u00e0 jour r\u00e9guli\u00e8re.<\/strong> <\/p>\n\n\n\n<p class=\"has-black-color has-text-color\">Certains sous-indicateurs correspondent \u00e0 ceux utilis\u00e9s par  : <\/p>\n\n\n\n<ul class=\"is-style-default has-black-color has-text-color\"><li><em><a href=\"https:\/\/www.drias-climat.fr\/\"><strong>DRIAS<\/strong>, les futurs du climat<\/a><\/em><\/li><\/ul>\n\n\n\n<section id=\"21e387\" class=\"wp-block-gutentor-m13 section-21e387 gutentor-module gutentor-module-table-of-contents g-enable-collapsible\"><div class=\"grid-container\"><div class=\"g-toc\"><div class=\"g-toc-header g-collapsible-active\"><div class=\"g-toc-heading g-icon-right\"><div class=\"g-toc-title\"><strong>Sous-indicateurs<\/strong><\/div><span class=\"g-toc-icon-wrap\"><i class=\"g-toc-icon g-toc-icon-open fas fa-plus\"><\/i><i class=\"g-toc-icon g-toc-icon-close fas fa-minus\"><\/i><\/span><\/div><\/div><div class=\"g-toc-body\"><ul class=\"g-unordered-list\" type=\"1\"><li><a href=\"#1-\">1. \u00c9volution des temp\u00e9ratures moyennes<\/a><ul class=\"child-list\"><li><a href=\"#2-\">1.1. Moyennes annuelles<\/a><\/li><li><a href=\"#3--moyennes-saisonni%C3%A8res-\">1.2. Moyennes saisonni\u00e8res<\/a><\/li><\/ul><\/li><li><a href=\"#6-2--%C3%A9volution-des-temp%C3%A9ratures-maximales-\">2. \u00c9volution des temp\u00e9ratures maximales<\/a><ul class=\"child-list\"><li><a href=\"#3--moyennes-saisonni%C3%A8res-\">2.1. Moyennes annuelles maximales<\/a><\/li><li><a href=\"#3--moyennes-saisonni%C3%A8res-\">2.2. Moyennes saisonni\u00e8res maximales<\/a><\/li><\/ul><\/li><li><a href=\"#1-\">3. \u00c9volution des temp\u00e9ratures minimales<\/a><ul class=\"child-list\"><li><a href=\"#12--31-moyennes-annuelles-\">3.1 Moyennes annuelles minimales<\/a><\/li><li><a href=\"#12--31-moyennes-annuelles-\">3.1 Moyennes saisonni\u00e8res minimales<\/a><\/li><\/ul><\/li><li><a href=\"#5--%C3%A9volution-du-nombre-de-journ%C3%A9es-estivales-\">4. \u00c9volution du nombre de journ\u00e9es estivales<\/a><\/li><li><a href=\"#7--%C3%A9volution-du-nombre-de-jours-de-forte-chaleur-\">5. \u00c9volution du nombre de jours de forte chaleur<\/a><\/li><li><a href=\"#9--%C3%A9volution-du-nombre-de-jours-sous-vague-de-chaleur-\">6. \u00c9volution du nombre de jours sous vague de chaleur<\/a><\/li><li><a href=\"#11--%C3%A9volution-du-nombre-de-jours-sous-vague-de-fraicheur-\">7. \u00c9volution du nombre de jours sous vague de froid<\/a><\/li><\/ul><\/div><\/div><\/div><\/section>\n\n\n\n<p><\/p>\n\n\n\n<h2 id=\"1-\"><span style=\"color:#0071a1\" class=\"tadv-color\"><strong>1. \u00c9volution des temp\u00e9ratures moyennes<\/strong><\/span><\/h2>\n\n\n\n<p class=\"has-black-color has-text-color\">Les temp\u00e9ratures moyennes sont calcul\u00e9es quotidiennement pour chacune des stations m\u00e9t\u00e9orologiques en fonction des relev\u00e9s journaliers.  <\/p>\n\n\n\n<p class=\"has-black-color has-text-color\">L&rsquo;objectif est de d\u00e9terminer <strong>l&rsquo;\u00e9volution des temp\u00e9ratures moyennes interannuelles, sur les p\u00e9riodes annuelles et saisonni\u00e8res<\/strong>, afin de suivre l&rsquo;impact du changement climatique. <\/p>\n\n\n\n<p class=\"has-black-color has-text-color\">Les saisons sont d\u00e9finies sur 3 mois : <\/p>\n\n\n\n<ul class=\"has-black-color has-text-color\"><li>pour l&rsquo;<strong>hiver<\/strong> : mois de d\u00e9cembre de l&rsquo;ann\u00e9e n-1, mois de janvier et de f\u00e9vrier <\/li><li>pour le <strong>printemps<\/strong> : mois de mars, avril et mai <\/li><li>pour l&rsquo;<strong>\u00e9t\u00e9<\/strong> : mois de juin, juillet et ao\u00fbt <\/li><li>pour l&rsquo;<strong>automne<\/strong> : mois de septembre, octobre et novembre <\/li><\/ul>\n\n\n\n<p class=\"has-black-color has-text-color\">Les temp\u00e9ratures moyennes annuelles et saisonni\u00e8res sont calcul\u00e9es en utilisant les moyennes journali\u00e8res de chaque p\u00e9riode.<\/p>\n\n\n\n<p class=\"has-black-color has-text-color\">Une p\u00e9riode de r\u00e9f\u00e9rence de 30 ans <strong>(1991 &#8211; 2020), qui d\u00e9finit un climat de r\u00e9f\u00e9rence, <\/strong>est compar\u00e9e aux moyennes annuelles et saisonni\u00e8res et permet d&rsquo;\u00e9valuer l&rsquo;\u00e9volution de ces indicateurs et du changement climatique.  <\/p>\n\n\n\n<ul class=\"has-black-color has-text-color\"><li>Si l&rsquo;\u00e9cart \u00e0 la normale est positif, l&rsquo;ann\u00e9e o\u00f9 la saison est plus chaude que la normale <\/li><li>Si l&rsquo;\u00e9cart est n\u00e9gatif, alors l&rsquo;ann\u00e9e o\u00f9 la saison est plus froide que la normale<\/li><\/ul>\n\n\n\n<p class=\"has-black-color has-text-color\">La normale climatique est calcul\u00e9e par la moyenne sur 30 ans des moyennes annuelles ou des moyennes saisonni\u00e8res.<\/p>\n\n\n\n<p><strong>*<\/strong>Certaines tendances d&rsquo;\u00e9volution sont statistiquement non significatives et sont pr\u00e9sent\u00e9es \u00e0 titre indicatif&nbsp;<\/p>\n\n\n\n<p><\/p>\n\n\n\n<h3 class=\"has-text-color\" id=\"2-\" style=\"color:#0071a1\"><strong>1.1. Moyennes annuelles<\/strong><\/h3>\n\n\n\n<p class=\"has-black-color has-text-color\">La carte ci-dessous pr\u00e9sente les tendances des <strong>moyennes annuelles<\/strong> calcul\u00e9es pour chacune des stations, interpol\u00e9es \u00e0 l&rsquo;\u00e9chelle du bassin de la Charente. Elle montre les<strong> tendances en degr\u00e9s Celsius par an<\/strong>. <\/p>\n\n\n\n<ul class=\"has-black-color has-text-color\"><li>Les temp\u00e9ratures moyennes annuelles augmentent sur tout le bassin, avec une variation de + 0,03 \u00e0 + 0,05 \u00b0C par an.<\/li><li>En aval du bassin, l&rsquo;augmentation est principalement de + 0,03 \u00b0C par an.<\/li><li>En amont, l&rsquo;\u00e9volution est plus contrast\u00e9e. Il y a une augmentation g\u00e9n\u00e9rale de + 0,03 \u00e0 + 0,05 \u00b0C par an, avec des hausses plus marqu\u00e9es ou plus faibles dans certaines zones sp\u00e9cifiques.<\/li><\/ul>\n\n\n\n<p class=\"has-black-color has-text-color\">Les <strong>temp\u00e9ratures moyennes annuelles tendent \u00e0 augmenter \u00e0 l&rsquo;\u00e9chelle du bassin<\/strong>, avec une augmentation plus prononc\u00e9e \u00e0 l&rsquo;est. Cette zone, \u00e9tant plus \u00e9loign\u00e9e de l&rsquo;influence oc\u00e9anique, est moins affect\u00e9e par le climat plus doux des zones c\u00f4ti\u00e8res.<\/p>\n\n\n\n<figure class=\"wp-block-image size-large\"><img loading=\"lazy\" width=\"1024\" height=\"724\" src=\"http:\/\/www.charente2050.fr\/wp-content\/uploads\/2025\/03\/Temperatures-annees_TM_2024-1024x724.png\" alt=\"\" class=\"wp-image-3492\" srcset=\"https:\/\/www.charente2050.fr\/wp-content\/uploads\/2025\/03\/Temperatures-annees_TM_2024-1024x724.png 1024w, https:\/\/www.charente2050.fr\/wp-content\/uploads\/2025\/03\/Temperatures-annees_TM_2024-300x212.png 300w, https:\/\/www.charente2050.fr\/wp-content\/uploads\/2025\/03\/Temperatures-annees_TM_2024-768x543.png 768w, https:\/\/www.charente2050.fr\/wp-content\/uploads\/2025\/03\/Temperatures-annees_TM_2024-1536x1086.png 1536w, https:\/\/www.charente2050.fr\/wp-content\/uploads\/2025\/03\/Temperatures-annees_TM_2024-2048x1448.png 2048w\" sizes=\"(max-width: 1024px) 100vw, 1024px\" \/><\/figure>\n\n\n\n<p><\/p>\n\n\n\n<p class=\"has-black-color has-text-color\"><strong><em>Exemple de la station de Cognac<\/em><\/strong><\/p>\n\n\n\n<p class=\"has-black-color has-text-color\">L&rsquo;exemple de la station de Cognac illustre l&rsquo;\u00e9volution des <strong>temp\u00e9ratures moyennes annuelles <\/strong>\u00e0 l&rsquo;\u00e9chelle d&rsquo;une station m\u00e9t\u00e9orologique. Cette station poss\u00e8de des donn\u00e9es de temp\u00e9ratures moyennes depuis 1950, permettant de calculer une tendance plus marqu\u00e9e pour la<strong> p\u00e9riode 1991-2024, avec une augmentation de + 0,04 \u00b0C par an<\/strong>. En revanche, pour la p\u00e9riode de <strong>1950 \u00e0 2024, la temp\u00e9rature moyenne annuelle augmente de + 0,03 \u00b0C par an<\/strong> sur une p\u00e9riode plus longue.<\/p>\n\n\n\n<ul class=\"has-black-color has-text-color\"><li><strong>La temp\u00e9rature moyenne annuelle de Cognac a augment\u00e9 de + 2,22 \u00b0C en 74 ans<\/strong>.<\/li><li><strong>La temp\u00e9rature moyenne annuelle de Cognac a augment\u00e9 de + 1,36 \u00b0C en 34 ans<\/strong>.<\/li><\/ul>\n\n\n\n<p class=\"has-black-color has-text-color\">En fonction de la normale climatique 1991-2020 (<span style=\"background-color: rgba(0, 0, 0, 0.2); font-size: revert;\"><span style=\"background-color:#ffffff\" class=\"tadv-background-color\">de 13,43 \u00b0C<\/span><\/span>)  :<\/p>\n\n\n\n<ul class=\"has-black-color has-text-color\"><li>Avant 1991, presque toutes les ann\u00e9es pr\u00e9sentaient des moyennes annuelles inf\u00e9rieures \u00e0 la normale.<\/li><li>Entre 1991 et 2013, les temp\u00e9ratures moyennes fluctuaient entre des ann\u00e9es plus froides ou plus chaudes que la normale.<\/li><li>Depuis 2014, les temp\u00e9ratures moyennes annuelles sont presque toutes sup\u00e9rieures \u00e0 la normale, avec un \u00e9cart de plus en plus important.<\/li><\/ul>\n\n\n\n<p class=\"has-black-color has-text-color\">La moyenne glissante sur 10 ans montre qu&rsquo;<strong>avant les ann\u00e9es 1990, les temp\u00e9ratures moyennes fluctuaient de fa\u00e7on lin\u00e9aire entre 11,75 \u00b0C et 12,40 \u00b0C. Depuis elles ne cessent d&rsquo;augmenter, avec une acc\u00e9l\u00e9ration \u00e0 partir de 2014<\/strong>.<\/p>\n\n\n\n<figure class=\"wp-block-image size-large\"><img loading=\"lazy\" width=\"1024\" height=\"568\" src=\"http:\/\/www.charente2050.fr\/wp-content\/uploads\/2025\/03\/COGNAC-1024x568.png\" alt=\"\" class=\"wp-image-3496\" srcset=\"https:\/\/www.charente2050.fr\/wp-content\/uploads\/2025\/03\/COGNAC-1024x568.png 1024w, https:\/\/www.charente2050.fr\/wp-content\/uploads\/2025\/03\/COGNAC-300x166.png 300w, https:\/\/www.charente2050.fr\/wp-content\/uploads\/2025\/03\/COGNAC-768x426.png 768w, https:\/\/www.charente2050.fr\/wp-content\/uploads\/2025\/03\/COGNAC-1536x851.png 1536w, https:\/\/www.charente2050.fr\/wp-content\/uploads\/2025\/03\/COGNAC-2048x1135.png 2048w\" sizes=\"(max-width: 1024px) 100vw, 1024px\" \/><\/figure>\n\n\n\n<p><\/p>\n\n\n\n<section id=\"025392\" class=\"section-025392 gutentor-module gutentor-module-accordion\"><div class=\"grid-container\">\n<div id=\"14d2d0\" class=\"wp-block-gutentor-m6-item section-14d2d0 gutentor-module gutentor-module-accordion-item\"><div class=\"gutentor-module-accordion-panel g-a-panel-025392\"><div class=\"gm-ah-025392 gutentor-module-accordion-item-heading gutentor-module-icon-position-right\"><span class=\"gutentor-module-accordion-panel-handler\" role=\"button\"><span class=\"gutentor-module-accordion-panel-handler-label\">Autres stations m\u00e9t\u00e9orologiques<\/span><span class=\"gutentor-module-accordion-icon\"><i class=\"gm-aio-025392 gutentor-module-accordion-icon-open fas fa-plus\"><\/i><i class=\"gm-aic-025392 gutentor-module-accordion-icon-close fas fa-minus\"><\/i><\/span><\/span><\/div><div class=\"gm-ab-025392 gutentor-module-accordion-body\">\n<div id=\"section-ge07ce7\" class=\"wp-block-gutentor-e0 section-ge07ce7 gutentor-element gutentor-element-advanced-text\"><div class=\"gutentor-text-wrap\"><p class=\"gutentor-text\">Les graphiques des tendances d&rsquo;\u00e9volution des temp\u00e9ratures moyennes annuelles des autres stations sont disponibles via les liens suivants:<\/p><\/div><\/div>\n\n\n\n<section id=\"gmb714ba2\" class=\"wp-block-gutentor-m4 section-gmb714ba2 gutentor-module gutentor-advanced-columns\"><div class=\"grid-container\"><div class=\"grid-row\">\n<div id=\"col-gm5ad443\" class=\"wp-block-gutentor-m4-col col-gm5ad443 gutentor-single-column  grid-lg-6 grid-md-12 grid-12\"><div id=\"section-gm5ad443\" class=\"section-gm5ad443 gutentor-col-wrap\">\n<ul class=\"has-black-color has-text-color\"><li><a href=\"http:\/\/www.charente2050.fr\/wp-content\/uploads\/2025\/03\/CHALUS.png\" data-type=\"URL\">Chalus<\/a><\/li><li><a href=\"http:\/\/www.charente2050.fr\/wp-content\/uploads\/2025\/03\/CHASSIRON.png\">Chassiron<\/a><\/li><li><a href=\"http:\/\/www.charente2050.fr\/wp-content\/uploads\/2025\/03\/CHATEAU-DOLERON.png\">Ch\u00e2teau d&rsquo;Ol\u00e9ron<\/a><\/li><li><a href=\"http:\/\/www.charente2050.fr\/wp-content\/uploads\/2025\/03\/CHERONNAC.png\">Ch\u00e9ronnac<\/a><\/li><li><a href=\"http:\/\/www.charente2050.fr\/wp-content\/uploads\/2025\/03\/CIVRAY.png\">Civray<\/a><\/li><li><a href=\"http:\/\/www.charente2050.fr\/wp-content\/uploads\/2025\/03\/COGNAC.png\">Cognac<\/a><\/li><li><a href=\"http:\/\/www.charente2050.fr\/wp-content\/uploads\/2025\/03\/LA-COURONNE.png\">La Couronne<\/a><\/li><li><a href=\"http:\/\/www.charente2050.fr\/wp-content\/uploads\/2025\/03\/LE-VIEUX-CERIER.png\">Le Vieux C\u00e9rier<\/a><\/li><li><a href=\"http:\/\/www.charente2050.fr\/wp-content\/uploads\/2025\/03\/MELLE.png\">Melle<\/a><\/li><\/ul>\n<\/div><\/div>\n\n\n\n<div id=\"col-gma308d4\" class=\"wp-block-gutentor-m4-col col-gma308d4 gutentor-single-column  grid-lg-6 grid-md-12 grid-12\"><div id=\"section-gma308d4\" class=\"section-gma308d4 gutentor-col-wrap\">\n<ul class=\"has-black-color has-text-color\"><li><a href=\"http:\/\/www.charente2050.fr\/wp-content\/uploads\/2025\/03\/MONTEMBOEUF.png\">Montemboeuf<\/a><\/li><li><a href=\"http:\/\/www.charente2050.fr\/wp-content\/uploads\/2025\/03\/NUAILLE-SUR-BOUTONNE.png\">Nuaille sur boutonne<\/a><\/li><li><a href=\"http:\/\/www.charente2050.fr\/wp-content\/uploads\/2025\/03\/SAINTES.png\">Saintes<\/a><\/li><li><a href=\"http:\/\/www.charente2050.fr\/wp-content\/uploads\/2025\/03\/ST-AGNANT.png\">Segonzac<\/a><\/li><li><a href=\"http:\/\/www.charente2050.fr\/wp-content\/uploads\/2024\/10\/ST-AGNANT-8.png\">St Agnant<\/a><\/li><li><a href=\"http:\/\/www.charente2050.fr\/wp-content\/uploads\/2025\/03\/ST-GERMAIN-DE-LUSIGNAN.png\">St-Germain-de-Lusignan<\/a><\/li><li><a href=\"http:\/\/www.charente2050.fr\/wp-content\/uploads\/2025\/03\/ST-LAURENT-PREE-INRAE.png\">St-Laurent PREE-INRAE<\/a><\/li><li><a href=\"http:\/\/www.charente2050.fr\/wp-content\/uploads\/2025\/03\/TUSSON.png\">Tusson<\/a><\/li><\/ul>\n<\/div><\/div>\n<\/div><\/div><\/section>\n<\/div><\/div><\/div>\n<\/div><\/section>\n\n\n\n<p><\/p>\n\n\n\n<p class=\"has-black-color has-text-color\">Pour la station de <strong>Cognac, qui dispose d&rsquo;un grand nombre d&rsquo;ann\u00e9es de donn\u00e9es<\/strong>, il est possible de comparer les diff\u00e9rences entre les temp\u00e9ratures moyennes annuelles et deux normales climatiques :<\/p>\n\n\n\n<ul class=\"has-black-color has-text-color\"><li>1991-2020, avec une moyenne de 13,43 \u00b0C<\/li><li>1981-2010, avec une moyenne de 13,03 \u00b0C<\/li><\/ul>\n\n\n\n<p class=\"has-black-color has-text-color\">Comparaison des r\u00e9sultats entre les deux normales climatiques :<\/p>\n\n\n\n<ul class=\"has-black-color has-text-color\"><li><strong>En 10 ans, la temp\u00e9rature moyenne annuelle a augment\u00e9 de + 0,4 \u00b0C<\/strong>.<\/li><\/ul>\n\n\n\n<figure class=\"wp-block-image size-large\"><img loading=\"lazy\" width=\"1024\" height=\"559\" src=\"http:\/\/www.charente2050.fr\/wp-content\/uploads\/2026\/03\/Cognac_tendances_TM_V2-1024x559.png\" alt=\"\" class=\"wp-image-4775\" srcset=\"https:\/\/www.charente2050.fr\/wp-content\/uploads\/2026\/03\/Cognac_tendances_TM_V2-1024x559.png 1024w, https:\/\/www.charente2050.fr\/wp-content\/uploads\/2026\/03\/Cognac_tendances_TM_V2-300x164.png 300w, https:\/\/www.charente2050.fr\/wp-content\/uploads\/2026\/03\/Cognac_tendances_TM_V2-768x420.png 768w, https:\/\/www.charente2050.fr\/wp-content\/uploads\/2026\/03\/Cognac_tendances_TM_V2-1536x839.png 1536w, https:\/\/www.charente2050.fr\/wp-content\/uploads\/2026\/03\/Cognac_tendances_TM_V2-2048x1119.png 2048w\" sizes=\"(max-width: 1024px) 100vw, 1024px\" \/><\/figure>\n\n\n\n<p><\/p>\n\n\n\n<h3 class=\"has-text-color\" id=\"3--moyennes-saisonni%C3%A8res-\" style=\"color:#0071a1\"><strong>1.2. Moyennes saisonni\u00e8res<\/strong><\/h3>\n\n\n\n<p class=\"has-black-color has-text-color\">Les cartes ci-dessous montrent les tendances des <strong>moyennes saisonni\u00e8res<\/strong> calcul\u00e9es pour chacune des stations, interpol\u00e9es \u00e0 l&rsquo;\u00e9chelle du bassin de la Charente. Elles illustrent les<strong> tendances en degr\u00e9s Celsius par an<\/strong> pour chaque saison. <\/p>\n\n\n\n<ul class=\"has-black-color has-text-color\"><li><strong><strong>Pour toutes les saisons, les temp\u00e9ratures moyennes tendent \u00e0 augmenter d&rsquo;une ann\u00e9e \u00e0 l&rsquo;autre<\/strong><\/strong>, avec une variation allant de + 0,01 \u00e0 + 0,1 \u00b0C.<\/li><li>En hiver, les temp\u00e9ratures augmentent de + 0,02 \u00e0 + 0,05 \u00b0C, avec un r\u00e9chauffement moins marqu\u00e9 \u00e0 l&rsquo;est qu&rsquo;\u00e0 l&rsquo;ouest.<\/li><li>Au printemps, les temp\u00e9ratures moyennes augmentent sur l&rsquo;ensemble du bassin de + 0,01 \u00e0 + 0,04 \u00b0C par an, avec une hausse plus prononc\u00e9e au nord-est, de + 0,03 \u00e0 + 0,04 \u00b0C par an.<\/li><li>En \u00e9t\u00e9, l&rsquo;augmentation des temp\u00e9ratures est plus importante qu&rsquo;au printemps et en hiver, allant de + 0,02 \u00e0 + 0,06 \u00b0C par an, avec une hausse plus forte de la c\u00f4te vers le nord-est.<\/li><li>L&rsquo;automne est la saison qui conna\u00eet la plus forte augmentation des temp\u00e9ratures moyennes chaque ann\u00e9e, allant de + 0,03 \u00e0 + 0,1 \u00b0C, avec une augmentation majoritaire de + 0,05 \u00e0 + 0,06 \u00b0C, atteignant jusqu&rsquo;\u00e0 + 0,07 \u00e0 + 0,1 \u00b0C \u00e0 l&rsquo;est.<\/li><\/ul>\n\n\n\n<p class=\"has-black-color has-text-color\">Les <strong>temp\u00e9ratures moyennes saisonni\u00e8res tendent \u00e0 augmenter \u00e0 l&rsquo;\u00e9chelle du bassin<\/strong>. L&rsquo;hiver et le printemps connaissent des hausses similaires, tandis que l&rsquo;\u00e9t\u00e9 montre un r\u00e9chauffement plus marqu\u00e9 \u00e0 l&rsquo;est. Toutefois, l&rsquo;automne enregistre l&rsquo;augmentation la plus importante, particuli\u00e8rement \u00e0 l&rsquo;est du bassin.<\/p>\n\n\n\n<p><\/p>\n\n\n\n<figure class=\"wp-block-image size-large\"><img loading=\"lazy\" width=\"981\" height=\"1024\" src=\"http:\/\/www.charente2050.fr\/wp-content\/uploads\/2025\/06\/Temperature-moy-saisonnieresTM_2024bis-981x1024.png\" alt=\"\" class=\"wp-image-4147\" srcset=\"https:\/\/www.charente2050.fr\/wp-content\/uploads\/2025\/06\/Temperature-moy-saisonnieresTM_2024bis-981x1024.png 981w, https:\/\/www.charente2050.fr\/wp-content\/uploads\/2025\/06\/Temperature-moy-saisonnieresTM_2024bis-287x300.png 287w, https:\/\/www.charente2050.fr\/wp-content\/uploads\/2025\/06\/Temperature-moy-saisonnieresTM_2024bis-768x802.png 768w, https:\/\/www.charente2050.fr\/wp-content\/uploads\/2025\/06\/Temperature-moy-saisonnieresTM_2024bis-1471x1536.png 1471w, https:\/\/www.charente2050.fr\/wp-content\/uploads\/2025\/06\/Temperature-moy-saisonnieresTM_2024bis-1962x2048.png 1962w\" sizes=\"(max-width: 981px) 100vw, 981px\" \/><\/figure>\n\n\n\n<p><\/p>\n\n\n\n<p class=\"has-black-color has-text-color\"><strong><em>Exemple de la station de Cognac<\/em><\/strong> <\/p>\n\n\n\n<p class=\"has-black-color has-text-color\"><\/p>\n\n\n\n<ul class=\"has-black-color has-text-color\"><li><strong>Les temp\u00e9ratures moyennes saisonni\u00e8res de Cognac ont augment\u00e9 de + 2,22 \u00b0C en 74 ans<\/strong> pour le printemps, l&rsquo;\u00e9t\u00e9 et l&rsquo;automne <strong> et de + 1,48 \u00b0C en hiver .<\/strong><\/li><li><strong>Les temp\u00e9ratures moyennes saisonni\u00e8res de Cognac ont augment\u00e9 de + 1,02 \u00b0C en hiver et au printemps, de + 1,36 \u00b0C en \u00e9t\u00e9 et de 1,98 \u00b0C en automne sur 34 ans<\/strong>.<\/li><\/ul>\n\n\n\n<p class=\"has-black-color has-text-color\">En fonction de la normale climatique 1991-2020  :<\/p>\n\n\n\n<ul class=\"has-black-color has-text-color\"><li>Avant 1991, presque toutes les ann\u00e9es pr\u00e9sentaient des moyennes saisonni\u00e8res inf\u00e9rieures \u00e0 la normale, \u00e0 l&rsquo;exception de l&rsquo;hiver, o\u00f9 les temp\u00e9ratures fluctuaient.<\/li><li>Entre 1991 et 2013, les temp\u00e9ratures moyennes fluctuaient entre des ann\u00e9es plus froides ou plus chaudes que la normale.<\/li><li>Depuis 2014, les temp\u00e9ratures moyennes saisonni\u00e8res sont presque toutes sup\u00e9rieures \u00e0 la normale, avec un \u00e9cart de plus en plus marqu\u00e9.<\/li><\/ul>\n\n\n\n<p class=\"has-black-color has-text-color\">La moyenne glissante sur 10 ans montre qu&rsquo;<strong>avant les ann\u00e9es 1990, les temp\u00e9ratures moyennes fluctuaient de fa\u00e7on lin\u00e9aire, mais depuis elles ne cessent d&rsquo;augmenter, avec une acc\u00e9l\u00e9ration <\/strong> <strong>forte au printemps, en \u00e9t\u00e9 et en automne depuis 2014<\/strong>.<\/p>\n\n\n\n<p><\/p>\n\n\n\n<figure class=\"wp-block-image size-large\"><img loading=\"lazy\" width=\"1024\" height=\"752\" src=\"http:\/\/www.charente2050.fr\/wp-content\/uploads\/2025\/04\/COGNAC-1024x752.png\" alt=\"\" class=\"wp-image-3521\" srcset=\"https:\/\/www.charente2050.fr\/wp-content\/uploads\/2025\/04\/COGNAC-1024x752.png 1024w, https:\/\/www.charente2050.fr\/wp-content\/uploads\/2025\/04\/COGNAC-300x220.png 300w, https:\/\/www.charente2050.fr\/wp-content\/uploads\/2025\/04\/COGNAC-768x564.png 768w, https:\/\/www.charente2050.fr\/wp-content\/uploads\/2025\/04\/COGNAC-1536x1128.png 1536w, https:\/\/www.charente2050.fr\/wp-content\/uploads\/2025\/04\/COGNAC-2048x1503.png 2048w\" sizes=\"(max-width: 1024px) 100vw, 1024px\" \/><\/figure>\n\n\n\n<p><\/p>\n\n\n\n<section id=\"2b62b8\" class=\"section-2b62b8 gutentor-module gutentor-module-accordion\"><div class=\"grid-container\">\n<div id=\"8f7955\" class=\"wp-block-gutentor-m6-item section-8f7955 gutentor-module gutentor-module-accordion-item\"><div class=\"gutentor-module-accordion-panel g-a-panel-2b62b8\"><div class=\"gm-ah-2b62b8 gutentor-module-accordion-item-heading gutentor-module-icon-position-right\"><span class=\"gutentor-module-accordion-panel-handler\" role=\"button\"><span class=\"gutentor-module-accordion-panel-handler-label\">Autres stations m\u00e9t\u00e9orologiques<\/span><span class=\"gutentor-module-accordion-icon\"><i class=\"gm-aio-2b62b8 gutentor-module-accordion-icon-open fas fa-plus\"><\/i><i class=\"gm-aic-2b62b8 gutentor-module-accordion-icon-close fas fa-minus\"><\/i><\/span><\/span><\/div><div class=\"gm-ab-2b62b8 gutentor-module-accordion-body\">\n<div id=\"section-gf3b501\" class=\"wp-block-gutentor-e0 section-gf3b501 gutentor-element gutentor-element-advanced-text\"><div class=\"gutentor-text-wrap\"><p class=\"gutentor-text\">Les graphiques des tendances d&rsquo;\u00e9volution des temp\u00e9ratures moyennes saisonni\u00e8res des autres stations sont disponibles via les liens suivants:<\/p><\/div><\/div>\n\n\n\n<section id=\"gmda3c584\" class=\"wp-block-gutentor-m4 section-gmda3c584 gutentor-module gutentor-advanced-columns\"><div class=\"grid-container\"><div class=\"grid-row\">\n<div id=\"col-gmab94f1\" class=\"wp-block-gutentor-m4-col col-gmab94f1 gutentor-single-column  grid-lg-6 grid-md-12 grid-12\"><div id=\"section-gmab94f1\" class=\"section-gmab94f1 gutentor-col-wrap\">\n<ul class=\"has-black-color has-text-color\"><li><a href=\"http:\/\/www.charente2050.fr\/wp-content\/uploads\/2025\/04\/CHALUS.png\">Chalus<\/a><\/li><li><a href=\"http:\/\/www.charente2050.fr\/wp-content\/uploads\/2025\/04\/CHASSIRON.png\">Chassiron<\/a><\/li><li><a href=\"http:\/\/www.charente2050.fr\/wp-content\/uploads\/2025\/04\/CHATEAU-DOLERON.png\">Ch\u00e2teau d&rsquo;Ol\u00e9ron<\/a><\/li><li><a href=\"http:\/\/www.charente2050.fr\/wp-content\/uploads\/2025\/04\/CHERONNAC.png\">Ch\u00e9ronnac<\/a><\/li><li><a href=\"http:\/\/www.charente2050.fr\/wp-content\/uploads\/2025\/04\/CIVRAY.png\">Civray<\/a><\/li><li><a href=\"http:\/\/www.charente2050.fr\/wp-content\/uploads\/2025\/04\/COGNAC-1.png\">Cognac<\/a><\/li><li><a href=\"http:\/\/www.charente2050.fr\/wp-content\/uploads\/2025\/04\/LA-COURONNE.png\">La Couronne<\/a><\/li><li><a href=\"http:\/\/www.charente2050.fr\/wp-content\/uploads\/2025\/04\/LE-VIEUX-CERIER.png\">Le Vieux C\u00e9rier<\/a><\/li><li><a href=\"http:\/\/www.charente2050.fr\/wp-content\/uploads\/2025\/04\/MELLE.png\">Melle<\/a><\/li><\/ul>\n<\/div><\/div>\n\n\n\n<div id=\"col-gm82a432\" class=\"wp-block-gutentor-m4-col col-gm82a432 gutentor-single-column  grid-lg-6 grid-md-12 grid-12\"><div id=\"section-gm82a432\" class=\"section-gm82a432 gutentor-col-wrap\">\n<ul class=\"has-black-color has-text-color\"><li><a href=\"http:\/\/www.charente2050.fr\/wp-content\/uploads\/2025\/04\/MONTEMBOEUF.png\">Montemboeuf<\/a><\/li><li><a href=\"http:\/\/www.charente2050.fr\/wp-content\/uploads\/2025\/04\/NUAILLE-SUR-BOUTONNE.png\">Nuaille sur boutonne<\/a><\/li><li><a href=\"http:\/\/www.charente2050.fr\/wp-content\/uploads\/2025\/04\/SAINTES.png\">Saintes<\/a><\/li><li><a href=\"http:\/\/www.charente2050.fr\/wp-content\/uploads\/2025\/04\/SEGONZAC.png\">Segonzac<\/a><\/li><li><a href=\"http:\/\/www.charente2050.fr\/wp-content\/uploads\/2025\/04\/ST-AGNANT.png\">St Agnant<\/a><\/li><li><a href=\"http:\/\/www.charente2050.fr\/wp-content\/uploads\/2025\/04\/ST-GERMAIN-DE-LUSIGNAN.png\">St-Germain-de-Lusignan<\/a><\/li><li><a href=\"http:\/\/www.charente2050.fr\/wp-content\/uploads\/2025\/04\/ST-LAURENT-PREE-INRAE.png\">St-Laurent PREE-INRAE<\/a><\/li><li><a href=\"http:\/\/www.charente2050.fr\/wp-content\/uploads\/2025\/04\/TUSSON.png\">Tusson<\/a><\/li><\/ul>\n<\/div><\/div>\n<\/div><\/div><\/section>\n<\/div><\/div><\/div>\n<\/div><\/section>\n\n\n\n<p><\/p>\n\n\n\n<p class=\"has-black-color has-text-color\">Toujours pour la station de <strong>Cognac, qui comporte un nombre important d\u2019ann\u00e9es de donn\u00e9es<\/strong>, il est possible de comparer les diff\u00e9rences entre les temp\u00e9ratures moyennes de chaque saison avec deux normales climatiques :<\/p>\n\n\n\n<figure class=\"wp-block-table is-style-regular\"><table class=\"has-black-color has-text-color has-fixed-layout\"><thead><tr><th class=\"has-text-align-center\" data-align=\"center\">Normale climatique<\/th><th class=\"has-text-align-center\" data-align=\"center\">Hiver<\/th><th class=\"has-text-align-center\" data-align=\"center\">Printemps<\/th><th class=\"has-text-align-center\" data-align=\"center\">\u00c9t\u00e9<\/th><th class=\"has-text-align-center\" data-align=\"center\">Automne<\/th><\/tr><\/thead><tbody><tr><td class=\"has-text-align-center\" data-align=\"center\"><strong>1981 &#8211; 2010<\/strong><\/td><td class=\"has-text-align-center\" data-align=\"center\">6,18 \u00b0C<\/td><td class=\"has-text-align-center\" data-align=\"center\">12,21 \u00b0C<\/td><td class=\"has-text-align-center\" data-align=\"center\">20,12 \u00b0C<\/td><td class=\"has-text-align-center\" data-align=\"center\">13,45 \u00b0 C<\/td><\/tr><tr><td class=\"has-text-align-center\" data-align=\"center\"><strong> 1991 &#8211; 2020<\/strong><\/td><td class=\"has-text-align-center\" data-align=\"center\">6,54 \u00b0C<\/td><td class=\"has-text-align-center\" data-align=\"center\">12,70 \u00b0C<\/td><td class=\"has-text-align-center\" data-align=\"center\">20,54 \u00b0C<\/td><td class=\"has-text-align-center\" data-align=\"center\">13,77 \u00b0C<\/td><\/tr><\/tbody><\/table><\/figure>\n\n\n\n<p><\/p>\n\n\n\n<p class=\"has-black-color has-text-color\">En comparant les r\u00e9sultats entre les deux normales climatiques :<\/p>\n\n\n\n<ul class=\"has-black-color has-text-color\"><li><strong>En 10 ans, la temp\u00e9rature moyenne saisonni\u00e8re a augment\u00e9 de + 0,3 \u00e0  + 0,5\u00b0C<\/strong><\/li><\/ul>\n\n\n\n<p><\/p>\n\n\n\n<figure class=\"wp-block-image size-large\"><img loading=\"lazy\" width=\"1024\" height=\"752\" src=\"http:\/\/www.charente2050.fr\/wp-content\/uploads\/2025\/04\/COGNAC_tendances-1024x752.png\" alt=\"\" class=\"wp-image-3522\" srcset=\"https:\/\/www.charente2050.fr\/wp-content\/uploads\/2025\/04\/COGNAC_tendances-1024x752.png 1024w, https:\/\/www.charente2050.fr\/wp-content\/uploads\/2025\/04\/COGNAC_tendances-300x220.png 300w, https:\/\/www.charente2050.fr\/wp-content\/uploads\/2025\/04\/COGNAC_tendances-768x564.png 768w, https:\/\/www.charente2050.fr\/wp-content\/uploads\/2025\/04\/COGNAC_tendances-1536x1128.png 1536w, https:\/\/www.charente2050.fr\/wp-content\/uploads\/2025\/04\/COGNAC_tendances-2048x1503.png 2048w\" sizes=\"(max-width: 1024px) 100vw, 1024px\" \/><\/figure>\n\n\n\n<p><\/p>\n\n\n\n<h2 class=\"has-text-color\" id=\"6-2--%C3%A9volution-des-temp%C3%A9ratures-maximales-\" style=\"color:#0071a1\"><strong>2. \u00c9volution des temp\u00e9ratures maximales<\/strong><\/h2>\n\n\n\n<p class=\"has-black-color has-text-color has-regular-font-size\">Les temp\u00e9ratures maximales sont mesur\u00e9es quotidiennement pour chacune des stations m\u00e9t\u00e9orologiques \u00e0 partir des relev\u00e9s journaliers.<\/p>\n\n\n\n<p class=\"has-black-color has-text-color\">L&rsquo;objectif est de d\u00e9terminer <strong>l&rsquo;\u00e9volution des temp\u00e9ratures moyennes maximales interannuelles, sur les p\u00e9riodes annuelles et saisonni\u00e8res<\/strong>, afin de suivre l&rsquo;impact du changement climatique. <\/p>\n\n\n\n<p class=\"has-black-color has-text-color\">Les temp\u00e9ratures maximales moyennes annuelles et saisonni\u00e8res sont calcul\u00e9es en utilisant les maximums journaliers de chaque p\u00e9riode. Elles sont ensuite compar\u00e9es au climat normal (1991-2020) correspondant \u00e0 la moyenne des donn\u00e9es sur 30 ans par ann\u00e9e et par saison.<\/p>\n\n\n\n<p><strong>*<\/strong>Certaines tendances d&rsquo;\u00e9volution sont statistiquement non significatives et sont pr\u00e9sent\u00e9es \u00e0 titre indicatif&nbsp;<\/p>\n\n\n\n<h3 class=\"has-text-color\" id=\"3--moyennes-saisonni%C3%A8res-\" style=\"color:#0071a1\"><strong>2.1. Moyennes annuelles maximales<\/strong><\/h3>\n\n\n\n<p class=\"has-black-color has-text-color\">La carte ci-dessous pr\u00e9sente les tendances des <strong>moyennes  maximales annuelles<\/strong> calcul\u00e9es pour chacune des stations, interpol\u00e9es \u00e0 l&rsquo;\u00e9chelle du bassin de la Charente. Elle montre les<strong> tendances en degr\u00e9s Celsius par an<\/strong>. <\/p>\n\n\n\n<ul class=\"has-black-color has-text-color\"><li>Augmentation des temp\u00e9ratures maximales annuelles sur tout le bassin de + 0,02 \u00e0 + 0,05 \u00b0C par an.<\/li><li>En aval du bassin, l&rsquo;augmentation est principalement de + 0,03 \u00e0 + 0,04 \u00b0C par an.<\/li><li>En amont des sous-bassins, l&rsquo;\u00e9volution est plus contrast\u00e9e, avec une augmentation de + 0,02 \u00e0 + 0,05 \u00b0C par an.<\/li><li>Sur le reste du bassin les temp\u00e9ratures maximales ont augment\u00e9 de + 0,05\u00b0C par an.<\/li><\/ul>\n\n\n\n<p class=\"has-black-color has-text-color\">Les <strong>temp\u00e9ratures moyennes annuelles maximales tendent \u00e0 augmenter \u00e0 l&rsquo;\u00e9chelle du bassin<\/strong>, avec une hausse plus prononc\u00e9e au centre.<\/p>\n\n\n\n<figure class=\"wp-block-image size-large\"><img loading=\"lazy\" width=\"1024\" height=\"724\" src=\"http:\/\/www.charente2050.fr\/wp-content\/uploads\/2025\/04\/Temperatures-annees_TX_2024-1024x724.png\" alt=\"\" class=\"wp-image-3540\" srcset=\"https:\/\/www.charente2050.fr\/wp-content\/uploads\/2025\/04\/Temperatures-annees_TX_2024-1024x724.png 1024w, https:\/\/www.charente2050.fr\/wp-content\/uploads\/2025\/04\/Temperatures-annees_TX_2024-300x212.png 300w, https:\/\/www.charente2050.fr\/wp-content\/uploads\/2025\/04\/Temperatures-annees_TX_2024-768x543.png 768w, https:\/\/www.charente2050.fr\/wp-content\/uploads\/2025\/04\/Temperatures-annees_TX_2024-1536x1087.png 1536w, https:\/\/www.charente2050.fr\/wp-content\/uploads\/2025\/04\/Temperatures-annees_TX_2024.png 1753w\" sizes=\"(max-width: 1024px) 100vw, 1024px\" \/><\/figure>\n\n\n\n<p><\/p>\n\n\n\n<p class=\"has-black-color has-text-color\"><strong><em>Exemple de la station de Cognac<\/em><\/strong><\/p>\n\n\n\n<p class=\"has-black-color has-text-color\">L&rsquo;exemple de la station de Cognac illustre l&rsquo;\u00e9volution des<strong> temp\u00e9ratures moyennes annuelles maximales <\/strong>\u00e0 l&rsquo;\u00e9chelle d&rsquo;une station m\u00e9t\u00e9orologique. Cette station poss\u00e8de des donn\u00e9es de temp\u00e9ratures maximales depuis 1950, permettant de calculer une tendance plus marqu\u00e9e pour la <strong>p\u00e9riode 1991-2024, avec une augmentation de + 0,05\u00b0C par an<\/strong>. En revanche, pour la <strong>p\u00e9riode de 1950 \u00e0 2024, la temp\u00e9rature maximale annuelle augmente de + 0,03 \u00b0C<\/strong> par an sur une p\u00e9riode plus longue.<\/p>\n\n\n\n<ul class=\"has-black-color has-text-color\"><li><strong>La temp\u00e9rature moyenne maximale annuelle de Cognac a augment\u00e9 de + 2,22 \u00b0C en 74 ans<\/strong>.<\/li><li><strong>La temp\u00e9rature moyenne maximale annuelle de Cognac a augment\u00e9 de + 1,70 \u00b0C en 34 ans<\/strong>.<\/li><\/ul>\n\n\n\n<p class=\"has-black-color has-text-color\">En fonction de la normale climatique 1991-2020 (<span style=\"background-color: rgba(0, 0, 0, 0.2); font-size: revert;\"><span style=\"background-color:#ffffff\" class=\"tadv-background-color\">de 18,44 \u00b0C<\/span><\/span>)  :<\/p>\n\n\n\n<ul class=\"has-black-color has-text-color\"><li>Avant 1991, presque toutes les ann\u00e9es pr\u00e9sentaient des temp\u00e9ratures moyennes maximales annuelles inf\u00e9rieures \u00e0 cette normale.<\/li><li>Entre 1991 et 2013, les temp\u00e9ratures maximales fluctuaient, avec des ann\u00e9es plus froides ou plus chaudes que la normale.<\/li><li>Depuis 2014, les temp\u00e9ratures moyennes maximales annuelles sont presque toutes sup\u00e9rieures \u00e0 la normale, avec un \u00e9cart qui tend \u00e0 se creuser.<\/li><\/ul>\n\n\n\n<p class=\"has-black-color has-text-color\">La moyenne glissante sur 10 ans montre qu&rsquo;<strong>avant les ann\u00e9es 1990, les temp\u00e9ratures moyennes maximales \u00e9taient lin\u00e9aires, mais depuis elles ne cessent d&rsquo;augmenter, avec une acc\u00e9l\u00e9ration depuis 2014<\/strong>.<\/p>\n\n\n\n<figure class=\"wp-block-image size-large\"><img loading=\"lazy\" width=\"1024\" height=\"559\" src=\"http:\/\/www.charente2050.fr\/wp-content\/uploads\/2026\/03\/COGNAC_tendances_TX_V2-1024x559.png\" alt=\"\" class=\"wp-image-4777\" srcset=\"https:\/\/www.charente2050.fr\/wp-content\/uploads\/2026\/03\/COGNAC_tendances_TX_V2-1024x559.png 1024w, https:\/\/www.charente2050.fr\/wp-content\/uploads\/2026\/03\/COGNAC_tendances_TX_V2-300x164.png 300w, https:\/\/www.charente2050.fr\/wp-content\/uploads\/2026\/03\/COGNAC_tendances_TX_V2-768x420.png 768w, https:\/\/www.charente2050.fr\/wp-content\/uploads\/2026\/03\/COGNAC_tendances_TX_V2-1536x839.png 1536w, https:\/\/www.charente2050.fr\/wp-content\/uploads\/2026\/03\/COGNAC_tendances_TX_V2-2048x1119.png 2048w\" sizes=\"(max-width: 1024px) 100vw, 1024px\" \/><\/figure>\n\n\n\n<p><\/p>\n\n\n\n<section id=\"58c9f1\" class=\"section-58c9f1 gutentor-module gutentor-module-accordion\"><div class=\"grid-container\">\n<div id=\"697237\" class=\"wp-block-gutentor-m6-item section-697237 gutentor-module gutentor-module-accordion-item\"><div class=\"gutentor-module-accordion-panel g-a-panel-58c9f1\"><div class=\"gm-ah-58c9f1 gutentor-module-accordion-item-heading gutentor-module-icon-position-right\"><span class=\"gutentor-module-accordion-panel-handler\" role=\"button\"><span class=\"gutentor-module-accordion-panel-handler-label\">Autres stations m\u00e9t\u00e9orologiques<\/span><span class=\"gutentor-module-accordion-icon\"><i class=\"gm-aio-58c9f1 gutentor-module-accordion-icon-open fas fa-plus\"><\/i><i class=\"gm-aic-58c9f1 gutentor-module-accordion-icon-close fas fa-minus\"><\/i><\/span><\/span><\/div><div class=\"gm-ab-58c9f1 gutentor-module-accordion-body\">\n<div id=\"section-g13b4ea\" class=\"wp-block-gutentor-e0 section-g13b4ea gutentor-element gutentor-element-advanced-text\"><div class=\"gutentor-text-wrap\"><p class=\"gutentor-text\">Les graphiques des tendances d&rsquo;\u00e9volution des temp\u00e9ratures moyennes maximales annuelles des autres stations sont disponibles via les liens suivants :<\/p><\/div><\/div>\n\n\n\n<section id=\"gm6b55e85\" class=\"wp-block-gutentor-m4 section-gm6b55e85 gutentor-module gutentor-advanced-columns\"><div class=\"grid-container\"><div class=\"grid-row\">\n<div id=\"col-gm7a3e7c\" class=\"wp-block-gutentor-m4-col col-gm7a3e7c gutentor-single-column  grid-lg-6 grid-md-12 grid-12\"><div id=\"section-gm7a3e7c\" class=\"section-gm7a3e7c gutentor-col-wrap\">\n<ul class=\"has-black-color has-text-color\"><li><a href=\"http:\/\/www.charente2050.fr\/wp-content\/uploads\/2025\/04\/CHALUS-1.png\">Chalus<\/a><\/li><li><a href=\"http:\/\/www.charente2050.fr\/wp-content\/uploads\/2025\/04\/CHALUS-1.png\">Chassiron<\/a><\/li><li><a href=\"http:\/\/www.charente2050.fr\/wp-content\/uploads\/2025\/04\/CHATEAU-DOLERON-1.png\">Ch\u00e2teau d&rsquo;Ol\u00e9ron<\/a><\/li><li><a href=\"http:\/\/www.charente2050.fr\/wp-content\/uploads\/2025\/04\/CHERONNAC-1.png\">Ch\u00e9ronnac<\/a><\/li><li><a href=\"http:\/\/www.charente2050.fr\/wp-content\/uploads\/2025\/04\/CIVRAY-1.png\">Civray<\/a><\/li><li><a href=\"http:\/\/www.charente2050.fr\/wp-content\/uploads\/2025\/04\/COGNAC-3.png\">Cognac<\/a><\/li><li><a href=\"http:\/\/www.charente2050.fr\/wp-content\/uploads\/2025\/04\/LA-COURONNE-1.png\">La Couronne<\/a><\/li><li><a href=\"http:\/\/www.charente2050.fr\/wp-content\/uploads\/2025\/04\/LE-VIEUX-CERIER-1.png\">Le Vieux C\u00e9rier<\/a><\/li><li><a href=\"http:\/\/www.charente2050.fr\/wp-content\/uploads\/2025\/04\/MELLE-1.png\">Melle<\/a><\/li><\/ul>\n<\/div><\/div>\n\n\n\n<div id=\"col-gm26f568\" class=\"wp-block-gutentor-m4-col col-gm26f568 gutentor-single-column  grid-lg-6 grid-md-12 grid-12\"><div id=\"section-gm26f568\" class=\"section-gm26f568 gutentor-col-wrap\">\n<ul class=\"has-black-color has-text-color\"><li><a href=\"http:\/\/www.charente2050.fr\/wp-content\/uploads\/2025\/04\/MONTEMBOEUF-1.png\">Montemboeuf<\/a><\/li><li><a href=\"http:\/\/www.charente2050.fr\/wp-content\/uploads\/2025\/04\/NUAILLE-SUR-BOUTONNE-1.png\">Nuaille sur boutonne<\/a><\/li><li><a href=\"http:\/\/www.charente2050.fr\/wp-content\/uploads\/2025\/04\/SAINTES-1.png\">Saintes<\/a><\/li><li><a href=\"http:\/\/www.charente2050.fr\/wp-content\/uploads\/2025\/04\/SEGONZAC-1.png\">Segonzac<\/a><\/li><li><a href=\"http:\/\/www.charente2050.fr\/wp-content\/uploads\/2025\/04\/ST-AGNANT-1.png\">St Agnant<\/a><\/li><li><a href=\"http:\/\/www.charente2050.fr\/wp-content\/uploads\/2025\/04\/ST-GERMAIN-DE-LUSIGNAN-1.png\">St-Germain-de-Lusignan<\/a><\/li><li><a href=\"http:\/\/www.charente2050.fr\/wp-content\/uploads\/2025\/04\/ST-LAURENT-PREE-INRAE-1.png\">St-Laurent PREE-INRAE<\/a><\/li><li><a href=\"http:\/\/www.charente2050.fr\/wp-content\/uploads\/2025\/04\/TUSSON-1.png\">Tusson<\/a><\/li><\/ul>\n<\/div><\/div>\n<\/div><\/div><\/section>\n<\/div><\/div><\/div>\n<\/div><\/section>\n\n\n\n<p><\/p>\n\n\n\n<p class=\"has-black-color has-text-color\">Toujours pour la station de <strong>Cognac qui  comporte un nombre d&rsquo;ann\u00e9e de donn\u00e9e important<\/strong>, il est possible de comparer les diff\u00e9rences entre les temp\u00e9ratures moyennes maximales de chaque ann\u00e9e avec 2 normales climatiques :<\/p>\n\n\n\n<ul class=\"has-black-color has-text-color\"><li>1991-2020, avec une moyenne de 18,44 \u00b0C.<\/li><li>1981-2010, avec une moyenne de 17,99 \u00b0C.<\/li><\/ul>\n\n\n\n<p class=\"has-black-color has-text-color\">En comparant les r\u00e9sultats entre les deux normales climatiques :<\/p>\n\n\n\n<ul class=\"has-black-color has-text-color\"><li><strong>En 10 ans la temp\u00e9rature moyenne annuelle maximale a augment\u00e9 de + 0.5\u00b0C<\/strong>.<\/li><\/ul>\n\n\n\n<p class=\"has-black-color has-text-color\"><\/p>\n\n\n\n<h3 class=\"has-text-color\" id=\"3--moyennes-saisonni%C3%A8res-\" style=\"color:#0071a1\"><strong>2.2. Moyennes saisonni\u00e8res maximales<\/strong><\/h3>\n\n\n\n<p class=\"has-black-color has-text-color\">Les cartes ci-dessous montrent les tendances des <strong>moyennes saisonni\u00e8res maximales<\/strong> calcul\u00e9es pour chacune des stations, interpol\u00e9es \u00e0 l&rsquo;\u00e9chelle du bassin de la Charente. Elles illustrent les<strong> tendances en degr\u00e9s Celsius par an<\/strong> pour chaque saison. <\/p>\n\n\n\n<ul class=\"has-black-color has-text-color\"><li><strong><strong>Pour toutes les saisons, les temp\u00e9ratures maximales moyennes tendent \u00e0 augmenter d&rsquo;une ann\u00e9e \u00e0 l&rsquo;autre<\/strong>,<\/strong> avec une variation allant de &#8211; 0,01 \u00e0 + 0,1 \u00b0C.<\/li><li>En hiver, les temp\u00e9ratures augmentent de + 0,01 \u00e0 + 0,04 \u00b0C, avec un r\u00e9chauffement plus faible \u00e0 l&rsquo;est compar\u00e9 \u00e0 l&rsquo;ouest.<\/li><li>Au printemps, les temp\u00e9ratures maximales augmentent de 0,00 \u00e0 + 0,04 \u00b0C par an sur tout le bassin, avec une augmentation plus marqu\u00e9e \u00e0 l&rsquo;est.<\/li><li>En \u00e9t\u00e9, l&rsquo;augmentation est plus forte qu&rsquo;au printemps et en hiver, allant de + 0,01 \u00e0 + 0,07 \u00b0C par an, avec un r\u00e9chauffement plus accentu\u00e9 au centre du bassin.<\/li><li>L&rsquo;automne est la saison enregistrant la plus forte hausse, avec des temp\u00e9ratures maximales augmentant de + 0,05 \u00e0 + 0,1 \u00b0C par an.<\/li><\/ul>\n\n\n\n<p class=\"has-black-color has-text-color\">Les <strong>temp\u00e9ratures maximales saisonni\u00e8res montrent une tendance g\u00e9n\u00e9rale \u00e0 l&rsquo;augmentation<\/strong> sur l&rsquo;ensemble du bassin. L&rsquo;hiver et le printemps pr\u00e9sentent des augmentations similaires, tandis que l&rsquo;\u00e9t\u00e9 subit un r\u00e9chauffement plus important. L&rsquo;automne, quant \u00e0 lui, enregistre la plus forte augmentation des temp\u00e9ratures maximales.<\/p>\n\n\n\n<p><\/p>\n\n\n\n<figure class=\"wp-block-image size-large\"><img loading=\"lazy\" width=\"975\" height=\"1024\" src=\"http:\/\/www.charente2050.fr\/wp-content\/uploads\/2025\/06\/Temperature-moy-saisonnieresTX_2024bis-975x1024.png\" alt=\"\" class=\"wp-image-4148\" srcset=\"https:\/\/www.charente2050.fr\/wp-content\/uploads\/2025\/06\/Temperature-moy-saisonnieresTX_2024bis-975x1024.png 975w, https:\/\/www.charente2050.fr\/wp-content\/uploads\/2025\/06\/Temperature-moy-saisonnieresTX_2024bis-286x300.png 286w, https:\/\/www.charente2050.fr\/wp-content\/uploads\/2025\/06\/Temperature-moy-saisonnieresTX_2024bis-768x806.png 768w, https:\/\/www.charente2050.fr\/wp-content\/uploads\/2025\/06\/Temperature-moy-saisonnieresTX_2024bis.png 1240w\" sizes=\"(max-width: 975px) 100vw, 975px\" \/><\/figure>\n\n\n\n<p class=\"has-black-color has-text-color\"><strong><em>Exemple de la station de Cognac<\/em><\/strong> <\/p>\n\n\n\n<p class=\"has-black-color has-text-color\">L&rsquo;exemple de la station de Cognac illustre l&rsquo;\u00e9volution des <strong>temp\u00e9ratures maximales saisonni\u00e8res <\/strong>\u00e0 l&rsquo;\u00e9chelle de la station de Cognac. Cette station poss\u00e8de des donn\u00e9es de temp\u00e9ratures maximales depuis 1950, permettant de calculer une tendance plus marqu\u00e9e pour la<strong> p\u00e9riode 1991-2024, avec une augmentation de + 0,03 \u00e0 + 0,08 \u00b0C par an.<\/strong> En revanche, pour la<strong> p\u00e9riode de 1950 \u00e0 2024, la temp\u00e9rature maximale augmente de + 0,03 \u00e0 + 0,04 \u00b0C par an<\/strong> sur une p\u00e9riode plus longue.<\/p>\n\n\n\n<ul class=\"has-black-color has-text-color\"><li><strong>La temp\u00e9rature maximale saisonni\u00e8re de Cognac a augment\u00e9 de + 2,22\u00b0C \u00e0 + 2,96 \u00b0C en 74 ans<\/strong> pour l&rsquo;hiver, le printemps, l&rsquo;automne et  l&rsquo;\u00e9t\u00e9<strong> .<\/strong><\/li><li><strong>La temp\u00e9rature maximale saisonni\u00e8re de Cognac a augment\u00e9 de + 1,02 \u00b0C en hiver et au printemps, <strong>de + 1,7 \u00b0C<\/strong><\/strong> <strong>en \u00e9t\u00e9 et de + 2,72 \u00b0C en automne sur 34 ans<\/strong>.<\/li><\/ul>\n\n\n\n<p class=\"has-black-color has-text-color\">En fonction de la normale climatique 1991-2020  :<\/p>\n\n\n\n<ul class=\"has-black-color has-text-color\"><li>Avant 1991, presque toutes les ann\u00e9es affichaient des moyennes saisonni\u00e8res maximales inf\u00e9rieures \u00e0 la normale, sauf pour l&rsquo;hiver et l&rsquo;\u00e9t\u00e9, o\u00f9 les temp\u00e9ratures maximales fluctuaient.<\/li><li>Entre 1991 et 2013, les temp\u00e9ratures maximales variaient entre des ann\u00e9es plus froides et des ann\u00e9es plus chaudes par rapport \u00e0 la normale.<\/li><li>Depuis 2014, les temp\u00e9ratures maximales saisonni\u00e8res sont presque toutes sup\u00e9rieures \u00e0 la normale, avec un \u00e9cart de plus en plus marqu\u00e9.<\/li><\/ul>\n\n\n\n<p class=\"has-black-color has-text-color\">La moyenne glissante sur 10 ans montre qu&rsquo;<strong>avant les ann\u00e9es 1990, les temp\u00e9ratures maximales saisonni\u00e8res \u00e9taient en-dessous de la normale, mais depuis elles ne cessent d&rsquo;augmenter, avec une acc\u00e9l\u00e9ration depuis 2014<\/strong>.<\/p>\n\n\n\n<p><\/p>\n\n\n\n<figure class=\"wp-block-image size-large\"><img loading=\"lazy\" width=\"1024\" height=\"752\" src=\"http:\/\/www.charente2050.fr\/wp-content\/uploads\/2025\/04\/COGNAC-4-1024x752.png\" alt=\"\" class=\"wp-image-3561\" srcset=\"https:\/\/www.charente2050.fr\/wp-content\/uploads\/2025\/04\/COGNAC-4-1024x752.png 1024w, https:\/\/www.charente2050.fr\/wp-content\/uploads\/2025\/04\/COGNAC-4-300x220.png 300w, https:\/\/www.charente2050.fr\/wp-content\/uploads\/2025\/04\/COGNAC-4-768x564.png 768w, https:\/\/www.charente2050.fr\/wp-content\/uploads\/2025\/04\/COGNAC-4-1536x1128.png 1536w, https:\/\/www.charente2050.fr\/wp-content\/uploads\/2025\/04\/COGNAC-4-2048x1503.png 2048w\" sizes=\"(max-width: 1024px) 100vw, 1024px\" \/><\/figure>\n\n\n\n<p><\/p>\n\n\n\n<section id=\"56a8c1\" class=\"section-56a8c1 gutentor-module gutentor-module-accordion\"><div class=\"grid-container\">\n<div id=\"8b8bb3\" class=\"wp-block-gutentor-m6-item section-8b8bb3 gutentor-module gutentor-module-accordion-item\"><div class=\"gutentor-module-accordion-panel g-a-panel-56a8c1\"><div class=\"gm-ah-56a8c1 gutentor-module-accordion-item-heading gutentor-module-icon-position-right\"><span class=\"gutentor-module-accordion-panel-handler\" role=\"button\"><span class=\"gutentor-module-accordion-panel-handler-label\">Autres stations m\u00e9t\u00e9orologiques<\/span><span class=\"gutentor-module-accordion-icon\"><i class=\"gm-aio-56a8c1 gutentor-module-accordion-icon-open fas fa-plus\"><\/i><i class=\"gm-aic-56a8c1 gutentor-module-accordion-icon-close fas fa-minus\"><\/i><\/span><\/span><\/div><div class=\"gm-ab-56a8c1 gutentor-module-accordion-body\">\n<div id=\"section-ge7f340\" class=\"wp-block-gutentor-e0 section-ge7f340 gutentor-element gutentor-element-advanced-text\"><div class=\"gutentor-text-wrap\"><p class=\"gutentor-text\">Les graphiques des tendances d&rsquo;\u00e9volution des temp\u00e9ratures moyennes maximales saisonni\u00e8res des autres stations sont disponibles via les liens suivants :<\/p><\/div><\/div>\n\n\n\n<section id=\"gm8730212\" class=\"wp-block-gutentor-m4 section-gm8730212 gutentor-module gutentor-advanced-columns\"><div class=\"grid-container\"><div class=\"grid-row\">\n<div id=\"col-gm8a3c55\" class=\"wp-block-gutentor-m4-col col-gm8a3c55 gutentor-single-column  grid-lg-6 grid-md-12 grid-12\"><div id=\"section-gm8a3c55\" class=\"section-gm8a3c55 gutentor-col-wrap\">\n<ul class=\"has-black-color has-text-color\"><li><a href=\"http:\/\/www.charente2050.fr\/wp-content\/uploads\/2025\/04\/CHALUS-2.png\">Chalus<\/a><\/li><li><a href=\"http:\/\/www.charente2050.fr\/wp-content\/uploads\/2025\/04\/CHASSIRON-2.png\">Chassiron<\/a><\/li><li><a href=\"http:\/\/www.charente2050.fr\/wp-content\/uploads\/2025\/04\/CHATEAU-DOLERON-2.png\">Ch\u00e2teau d&rsquo;Ol\u00e9ron<\/a><\/li><li><a href=\"http:\/\/www.charente2050.fr\/wp-content\/uploads\/2025\/04\/CHERONNAC-2.png\">Ch\u00e9ronnac<\/a><\/li><li><a href=\"http:\/\/www.charente2050.fr\/wp-content\/uploads\/2025\/04\/CIVRAY-2.png\">Civray<\/a><\/li><li><a href=\"http:\/\/www.charente2050.fr\/wp-content\/uploads\/2025\/04\/COGNAC-5.png\">Cognac<\/a><\/li><li><a href=\"http:\/\/www.charente2050.fr\/wp-content\/uploads\/2025\/04\/LA-COURONNE-2.png\">La Couronne<\/a><\/li><li><a href=\"http:\/\/www.charente2050.fr\/wp-content\/uploads\/2025\/04\/LE-VIEUX-CERIER-2.png\">Le Vieux C\u00e9rier<\/a><\/li><li><a href=\"http:\/\/www.charente2050.fr\/wp-content\/uploads\/2025\/04\/MELLE-2.png\">Melle<\/a><\/li><\/ul>\n<\/div><\/div>\n\n\n\n<div id=\"col-gmc95974\" class=\"wp-block-gutentor-m4-col col-gmc95974 gutentor-single-column  grid-lg-6 grid-md-12 grid-12\"><div id=\"section-gmc95974\" class=\"section-gmc95974 gutentor-col-wrap\">\n<ul class=\"has-black-color has-text-color\"><li><a href=\"http:\/\/www.charente2050.fr\/wp-content\/uploads\/2025\/04\/MONTEMBOEUF-2.png\">Montemboeuf<\/a><\/li><li><a href=\"http:\/\/www.charente2050.fr\/wp-content\/uploads\/2025\/04\/NUAILLE-SUR-BOUTONNE-2.png\">Nuaille sur boutonne<\/a><\/li><li><a href=\"http:\/\/www.charente2050.fr\/wp-content\/uploads\/2025\/04\/SAINTES-2.png\">Saintes<\/a><\/li><li><a href=\"http:\/\/www.charente2050.fr\/wp-content\/uploads\/2025\/04\/SEGONZAC-2.png\">Segonzac<\/a><\/li><li><a href=\"http:\/\/www.charente2050.fr\/wp-content\/uploads\/2025\/04\/ST-AGNANT-2.png\">St Agnant<\/a><\/li><li><a href=\"http:\/\/www.charente2050.fr\/wp-content\/uploads\/2025\/04\/ST-GERMAIN-DE-LUSIGNAN-2.png\">St-Germain-de-Lusignan<\/a><\/li><li><a href=\"http:\/\/www.charente2050.fr\/wp-content\/uploads\/2025\/04\/ST-LAURENT-PREE-INRAE-2.png\">St-Laurent PREE-INRAE<\/a><\/li><li><a href=\"http:\/\/www.charente2050.fr\/wp-content\/uploads\/2025\/04\/TUSSON-2.png\">Tusson<\/a><\/li><\/ul>\n<\/div><\/div>\n<\/div><\/div><\/section>\n<\/div><\/div><\/div>\n<\/div><\/section>\n\n\n\n<p><\/p>\n\n\n\n<p class=\"has-black-color has-text-color\">Toujours pour la station de <strong>Cognac, qui comporte un nombre important d\u2019ann\u00e9es de donn\u00e9es<\/strong>, il est possible de comparer les diff\u00e9rences entre les temp\u00e9ratures moyennes maximales de chaque saison avec deux normales climatiques :<\/p>\n\n\n\n<figure class=\"wp-block-table is-style-regular\"><table class=\"has-black-color has-text-color has-fixed-layout\"><thead><tr><th class=\"has-text-align-center\" data-align=\"center\">Normale climatique<\/th><th class=\"has-text-align-center\" data-align=\"center\">Hiver<\/th><th class=\"has-text-align-center\" data-align=\"center\">Printemps<\/th><th class=\"has-text-align-center\" data-align=\"center\">\u00c9t\u00e9<\/th><th class=\"has-text-align-center\" data-align=\"center\">Automne<\/th><\/tr><\/thead><tbody><tr><td class=\"has-text-align-center\" data-align=\"center\"><strong>1981 &#8211; 2010<\/strong><\/td><td class=\"has-text-align-center\" data-align=\"center\">10,03 \u00b0C<\/td><td class=\"has-text-align-center\" data-align=\"center\">17,35 \u00b0C<\/td><td class=\"has-text-align-center\" data-align=\"center\">25,95 \u00b0C<\/td><td class=\"has-text-align-center\" data-align=\"center\">18,50 \u00b0 C<\/td><\/tr><tr><td class=\"has-text-align-center\" data-align=\"center\"> <strong>1991 &#8211; 2020<\/strong><\/td><td class=\"has-text-align-center\" data-align=\"center\">10,40 \u00b0C<\/td><td class=\"has-text-align-center\" data-align=\"center\">17,96 \u00b0C<\/td><td class=\"has-text-align-center\" data-align=\"center\">26,40 \u00b0C<\/td><td class=\"has-text-align-center\" data-align=\"center\">18,80 \u00b0C<\/td><\/tr><\/tbody><\/table><\/figure>\n\n\n\n<p class=\"has-black-color has-text-color\">En comparant les r\u00e9sultats entre les deux normales climatiques :<\/p>\n\n\n\n<ul class=\"has-black-color has-text-color\"><li><strong>En 10 ans, la temp\u00e9rature moyenne saisonni\u00e8re a augment\u00e9 de  + 0,3 \u00e0 + 0,6\u00b0C<\/strong>.<\/li><\/ul>\n\n\n\n<p><\/p>\n\n\n\n<h2 id=\"1-\"><span style=\"color:#0071a1\" class=\"tadv-color\"><strong>3. \u00c9volution des temp\u00e9ratures minimales<\/strong><\/span><\/h2>\n\n\n\n<p class=\"has-black-color has-text-color has-regular-font-size\">Les temp\u00e9ratures minimales sont mesur\u00e9es quotidiennement pour chacune des stations m\u00e9t\u00e9orologiques en fonction des relev\u00e9s journaliers.<\/p>\n\n\n\n<p class=\"has-black-color has-text-color\">L&rsquo;objectif est de d\u00e9terminer <strong>l&rsquo;\u00e9volution des temp\u00e9ratures moyennes minimales interannuelles, sur les p\u00e9riodes annuelles et saisonni\u00e8res<\/strong>, afin de suivre l&rsquo;impact du changement climatique. <\/p>\n\n\n\n<p class=\"has-black-color has-text-color\">Les temp\u00e9ratures minimales moyennes annuelles et saisonni\u00e8res sont calcul\u00e9es en utilisant les minimums journaliers de chaque p\u00e9riode. Elles sont ensuite compar\u00e9es au climat normal (1991-2020) correspondant \u00e0 la moyenne des donn\u00e9es sur 30 ans par ann\u00e9e et par saison.<\/p>\n\n\n\n<p><strong>*<\/strong>Certaines tendances d&rsquo;\u00e9volution sont statistiquement non significatives et sont pr\u00e9sent\u00e9es \u00e0 titre indicatif&nbsp;<\/p>\n\n\n\n<h3 class=\"has-text-color\" id=\"12--31-moyennes-annuelles-\" style=\"color:#0071a1\"><strong><span style=\"color:#0071a1\" class=\"tadv-color\">3.1 Moyennes annuelles <\/span>minimales<\/strong><\/h3>\n\n\n\n<p class=\"has-black-color has-text-color\">La carte ci-dessous pr\u00e9sente les tendances des <strong>moyennes minimales annuelles<\/strong> calcul\u00e9es pour chacune des stations, interpol\u00e9es \u00e0 l&rsquo;\u00e9chelle du bassin de la Charente. Elle donne les<strong> tendances en degr\u00e9s Celsius par an<\/strong>. <\/p>\n\n\n\n<ul class=\"has-black-color has-text-color\"><li><strong>Augmentation des temp\u00e9ratures minimales annuelles sur tout le bassin<\/strong> : de + 0,02 \u00e0 + 0,05 \u00b0C par an.<\/li><li>Au <strong>nord du bassin<\/strong>, l&rsquo;augmentation est majoritairement de + 0,03 \u00e0 + 0,04 \u00b0C par an.<\/li><li>Au <strong>sud du bassin<\/strong>, l&rsquo;augmentation varie de + 0,02 \u00e0 + 0,04 \u00b0C par an.<\/li><\/ul>\n\n\n\n<p class=\"has-black-color has-text-color\">Les <strong>temp\u00e9ratures moyennes annuelles minimales tendent \u00e0 augmenter \u00e0 l&rsquo;\u00e9chelle du bassin<\/strong>, avec une augmentation plus marqu\u00e9e au nord.<\/p>\n\n\n\n<p><\/p>\n\n\n\n<figure class=\"wp-block-image size-large\"><img loading=\"lazy\" width=\"1024\" height=\"724\" src=\"http:\/\/www.charente2050.fr\/wp-content\/uploads\/2025\/04\/Temperatures-annees_TN_2024-1024x724.png\" alt=\"\" class=\"wp-image-3582\" srcset=\"https:\/\/www.charente2050.fr\/wp-content\/uploads\/2025\/04\/Temperatures-annees_TN_2024-1024x724.png 1024w, https:\/\/www.charente2050.fr\/wp-content\/uploads\/2025\/04\/Temperatures-annees_TN_2024-300x212.png 300w, https:\/\/www.charente2050.fr\/wp-content\/uploads\/2025\/04\/Temperatures-annees_TN_2024-768x543.png 768w, https:\/\/www.charente2050.fr\/wp-content\/uploads\/2025\/04\/Temperatures-annees_TN_2024-1536x1087.png 1536w, https:\/\/www.charente2050.fr\/wp-content\/uploads\/2025\/04\/Temperatures-annees_TN_2024.png 1753w\" sizes=\"(max-width: 1024px) 100vw, 1024px\" \/><\/figure>\n\n\n\n<p class=\"has-black-color has-text-color\"><strong><em>Exemple de la station de Cognac<\/em><\/strong><\/p>\n\n\n\n<p class=\"has-black-color has-text-color\">L&rsquo;exemple de la station de Cognac illustre l&rsquo;\u00e9volution des temp\u00e9ratures moyennes annuelles minimales \u00e0 l&rsquo;\u00e9chelle d&rsquo;une station m\u00e9t\u00e9orologique. Cette station poss\u00e8de des donn\u00e9es de temp\u00e9ratures minimales depuis 1950, permettant de calculer une tendance plus marqu\u00e9e pour la <strong>p\u00e9riode 1991-2024, avec une augmentation de + 0,03\u00b0C par an<\/strong>. Pour la p\u00e9riode de <strong>1950 \u00e0 2024, la temp\u00e9rature minimale annuelle augmente de + 0,03 \u00b0C par an<\/strong> sur une p\u00e9riode plus longue.<\/p>\n\n\n\n<ul class=\"has-black-color has-text-color\"><li><strong>La temp\u00e9rature moyenne minimale annuelle de Cognac a augment\u00e9 de + 2,22 \u00b0C en 74 ans<\/strong>.<\/li><li><strong>La temp\u00e9rature moyenne minimale annuelle de Cognac a augment\u00e9 de + 1,02 \u00b0C en 34 ans<\/strong>.<\/li><\/ul>\n\n\n\n<p class=\"has-black-color has-text-color\">En fonction de la normale climatique 1991-2020 (<span style=\"background-color: rgba(0, 0, 0, 0.2); font-size: revert;\"><span style=\"background-color:#ffffff\" class=\"tadv-background-color\">de 8,97 \u00b0C<\/span><\/span>)  :<\/p>\n\n\n\n<ul class=\"has-black-color has-text-color\"><li>Avant 1991, presque toutes les ann\u00e9es avaient des moyennes annuelles inf\u00e9rieures \u00e0 la normale.<\/li><li>Entre 1991 et 2013, les temp\u00e9ratures minimales fluctuaient entre des ann\u00e9es plus froides ou plus chaudes que la normale.<\/li><li>Depuis 2014, les temp\u00e9ratures moyennes minimales annuelles sont presque toutes sup\u00e9rieures \u00e0 la normale, avec un \u00e9cart de plus en plus important.<\/li><\/ul>\n\n\n\n<p class=\"has-black-color has-text-color\">La moyenne glissante sur 10 ans montre qu&rsquo;<strong>avant les ann\u00e9es 1990, les temp\u00e9ratures minimales \u00e9taient lin\u00e9aires, mais depuis elles ne cessent d&rsquo;augmenter, avec une acc\u00e9l\u00e9ration depuis 2014<\/strong>.<\/p>\n\n\n\n<p><\/p>\n\n\n\n<figure class=\"wp-block-image size-large\"><img loading=\"lazy\" width=\"1024\" height=\"568\" src=\"http:\/\/www.charente2050.fr\/wp-content\/uploads\/2025\/04\/COGNAC-6-1024x568.png\" alt=\"\" class=\"wp-image-3583\" srcset=\"https:\/\/www.charente2050.fr\/wp-content\/uploads\/2025\/04\/COGNAC-6-1024x568.png 1024w, https:\/\/www.charente2050.fr\/wp-content\/uploads\/2025\/04\/COGNAC-6-300x166.png 300w, https:\/\/www.charente2050.fr\/wp-content\/uploads\/2025\/04\/COGNAC-6-768x426.png 768w, https:\/\/www.charente2050.fr\/wp-content\/uploads\/2025\/04\/COGNAC-6-1536x851.png 1536w, https:\/\/www.charente2050.fr\/wp-content\/uploads\/2025\/04\/COGNAC-6-2048x1135.png 2048w\" sizes=\"(max-width: 1024px) 100vw, 1024px\" \/><\/figure>\n\n\n\n<p><\/p>\n\n\n\n<section id=\"ed8bd0\" class=\"section-ed8bd0 gutentor-module gutentor-module-accordion\"><div class=\"grid-container\">\n<div id=\"47a837\" class=\"wp-block-gutentor-m6-item section-47a837 gutentor-module gutentor-module-accordion-item\"><div class=\"gutentor-module-accordion-panel g-a-panel-ed8bd0\"><div class=\"gm-ah-ed8bd0 gutentor-module-accordion-item-heading gutentor-module-icon-position-right\"><span class=\"gutentor-module-accordion-panel-handler\" role=\"button\"><span class=\"gutentor-module-accordion-panel-handler-label\">Autres stations m\u00e9t\u00e9orologiques<\/span><span class=\"gutentor-module-accordion-icon\"><i class=\"gm-aio-ed8bd0 gutentor-module-accordion-icon-open fas fa-plus\"><\/i><i class=\"gm-aic-ed8bd0 gutentor-module-accordion-icon-close fas fa-minus\"><\/i><\/span><\/span><\/div><div class=\"gm-ab-ed8bd0 gutentor-module-accordion-body\">\n<div id=\"section-ga0536c\" class=\"wp-block-gutentor-e0 section-ga0536c gutentor-element gutentor-element-advanced-text\"><div class=\"gutentor-text-wrap\"><p class=\"gutentor-text\">Les graphiques des tendances d&rsquo;\u00e9volution des temp\u00e9ratures moyennes minimales annuelles des autres stations sont disponibles via les liens suivants:<\/p><\/div><\/div>\n\n\n\n<section id=\"gm7dc47cf\" class=\"wp-block-gutentor-m4 section-gm7dc47cf gutentor-module gutentor-advanced-columns\"><div class=\"grid-container\"><div class=\"grid-row\">\n<div id=\"col-gmbc3a65\" class=\"wp-block-gutentor-m4-col col-gmbc3a65 gutentor-single-column  grid-lg-6 grid-md-12 grid-12\"><div id=\"section-gmbc3a65\" class=\"section-gmbc3a65 gutentor-col-wrap\">\n<ul class=\"has-black-color has-text-color\"><li><a href=\"http:\/\/www.charente2050.fr\/wp-content\/uploads\/2025\/04\/CHALUS-3.png\">Chalus<\/a><\/li><li><a href=\"http:\/\/www.charente2050.fr\/wp-content\/uploads\/2025\/04\/CHASSIRON-3.png\">Chassiron<\/a><\/li><li><a href=\"http:\/\/www.charente2050.fr\/wp-content\/uploads\/2025\/04\/CHATEAU-DOLERON-3.png\">Ch\u00e2teau d&rsquo;Ol\u00e9ron<\/a><\/li><li><a href=\"http:\/\/www.charente2050.fr\/wp-content\/uploads\/2025\/04\/CHERONNAC-3.png\">Ch\u00e9ronnac<\/a><\/li><li><a href=\"http:\/\/www.charente2050.fr\/wp-content\/uploads\/2025\/04\/CIVRAY-3.png\">Civray<\/a><\/li><li><a href=\"http:\/\/www.charente2050.fr\/wp-content\/uploads\/2025\/04\/COGNAC-7.png\">Cognac<\/a><\/li><li><a href=\"http:\/\/www.charente2050.fr\/wp-content\/uploads\/2025\/04\/LA-COURONNE-3.png\">La Couronne<\/a><\/li><li><a href=\"http:\/\/www.charente2050.fr\/wp-content\/uploads\/2025\/04\/LE-VIEUX-CERIER-3.png\">Le Vieux C\u00e9rier<\/a><\/li><li><a href=\"http:\/\/www.charente2050.fr\/wp-content\/uploads\/2025\/04\/MELLE-3.png\">Melle<\/a><\/li><\/ul>\n<\/div><\/div>\n\n\n\n<div id=\"col-gm6d7124\" class=\"wp-block-gutentor-m4-col col-gm6d7124 gutentor-single-column  grid-lg-6 grid-md-12 grid-12\"><div id=\"section-gm6d7124\" class=\"section-gm6d7124 gutentor-col-wrap\">\n<ul class=\"has-black-color has-text-color\"><li><a href=\"http:\/\/www.charente2050.fr\/wp-content\/uploads\/2025\/04\/MONTEMBOEUF-3.png\">Montemboeuf<\/a><\/li><li><a href=\"http:\/\/www.charente2050.fr\/wp-content\/uploads\/2025\/04\/NUAILLE-SUR-BOUTONNE-3.png\">Nuaille sur boutonne<\/a><\/li><li><a href=\"http:\/\/www.charente2050.fr\/wp-content\/uploads\/2025\/04\/SAINTES-3.png\">Saintes<\/a><\/li><li><a href=\"http:\/\/www.charente2050.fr\/wp-content\/uploads\/2025\/04\/SEGONZAC-3.png\">Segonzac<\/a><\/li><li><a href=\"http:\/\/www.charente2050.fr\/wp-content\/uploads\/2025\/04\/ST-AGNANT-3.png\">St Agnant<\/a><\/li><li><a href=\"http:\/\/www.charente2050.fr\/wp-content\/uploads\/2025\/04\/ST-GERMAIN-DE-LUSIGNAN-3.png\">St-Germain-de-Lusignan<\/a><\/li><li><a href=\"http:\/\/www.charente2050.fr\/wp-content\/uploads\/2025\/04\/ST-LAURENT-PREE-INRAE-3.png\">St-Laurent PREE-INRAE<\/a><\/li><li><a href=\"http:\/\/www.charente2050.fr\/wp-content\/uploads\/2025\/04\/TUSSON-3.png\">Tusson<\/a><\/li><\/ul>\n<\/div><\/div>\n<\/div><\/div><\/section>\n<\/div><\/div><\/div>\n<\/div><\/section>\n\n\n\n<p><\/p>\n\n\n\n<p class=\"has-black-color has-text-color\">Toujours pour la station de <strong>Cognac qui  comporte un nombre d&rsquo;ann\u00e9es de donn\u00e9es important<\/strong>, il est possible de comparer les diff\u00e9rences entre les temp\u00e9ratures moyennes minimales de chaque ann\u00e9e avec 2 normales climatiques :<\/p>\n\n\n\n<ul class=\"has-black-color has-text-color\"><li>1991-2020, avec une moyenne de 8,97 \u00b0C.<\/li><li>1981-2010, avec une moyenne de 8,59 \u00b0C.<\/li><\/ul>\n\n\n\n<p class=\"has-black-color has-text-color\">En comparant les r\u00e9sultats entre les deux normales climatiques :<\/p>\n\n\n\n<ul class=\"has-black-color has-text-color\"><li><strong>En 10 ans la temp\u00e9rature moyenne annuelle minimale a augment\u00e9 de + 0.4\u00b0C<\/strong>.<\/li><\/ul>\n\n\n\n<h3 class=\"has-text-color\" id=\"12--31-moyennes-annuelles-\" style=\"color:#0071a1\"><strong><span style=\"color:#0071a1\" class=\"tadv-color\">3.1 Moyennes <\/span>saisonni\u00e8res minimales<\/strong><\/h3>\n\n\n\n<p><\/p>\n\n\n\n<p class=\"has-black-color has-text-color\">Les cartes ci-dessous montrent les tendances des <strong>moyennes saisonni\u00e8res minimales<\/strong> calcul\u00e9es pour chacune des stations, interpol\u00e9es \u00e0 l&rsquo;\u00e9chelle du bassin de la Charente. Elles illustrent les<strong> tendances en degr\u00e9s Celsius par an<\/strong> pour chaque saison. <\/p>\n\n\n\n<ul class=\"has-black-color has-text-color\"><li><strong>Pour toutes les saisons, les temp\u00e9ratures moyennes minimales ont tendance \u00e0 augmenter d&rsquo;une ann\u00e9e \u00e0 l&rsquo;autre<\/strong>, avec une augmentation variant de 0,00 \u00e0 + 0,09 \u00b0C.<\/li><li>En hiver, les temp\u00e9ratures augmentent de + 0,03 \u00e0 + 0,05 \u00b0C, avec un r\u00e9chauffement plus faible \u00e0 l&rsquo;est par rapport au nord-est.<\/li><li>Au printemps, les temp\u00e9ratures minimales augmentent sur tout le bassin de 0,00 \u00e0 + 0,03 \u00b0C par an, avec une augmentation plus importante au nord-est.<\/li><li>En \u00e9t\u00e9, les temp\u00e9ratures minimales augmentent plus fortement qu&rsquo;au printemps et en hiver, entre + 0,00 et + 0,04 \u00b0C par an, avec une augmentation plus marqu\u00e9e au nord du bassin.<\/li><li>L&rsquo;automne est la saison qui conna\u00eet la plus grande augmentation de temp\u00e9rature minimale chaque ann\u00e9e, de + 0,03 \u00e0 + 0,09 \u00b0C.<\/li><\/ul>\n\n\n\n<p class=\"has-black-color has-text-color\">Les <strong>temp\u00e9ratures minimales saisonni\u00e8res<\/strong> tendent \u00e0 augmenter \u00e0 l&rsquo;\u00e9chelle du bassin. L&rsquo;hiver et le printemps connaissent une augmentation des temp\u00e9ratures similaire, tandis que l&rsquo;\u00e9t\u00e9 subit un r\u00e9chauffement plus important. Cependant, l&rsquo;automne est la saison dont les temp\u00e9ratures minimales augmentent le plus.<\/p>\n\n\n\n<p><\/p>\n\n\n\n<figure class=\"wp-block-image size-large\"><img loading=\"lazy\" width=\"973\" height=\"1024\" src=\"http:\/\/www.charente2050.fr\/wp-content\/uploads\/2025\/06\/Temperature-moy-saisonnieres_minimales_TN_2024bis-973x1024.png\" alt=\"\" class=\"wp-image-4146\" srcset=\"https:\/\/www.charente2050.fr\/wp-content\/uploads\/2025\/06\/Temperature-moy-saisonnieres_minimales_TN_2024bis-973x1024.png 973w, https:\/\/www.charente2050.fr\/wp-content\/uploads\/2025\/06\/Temperature-moy-saisonnieres_minimales_TN_2024bis-285x300.png 285w, https:\/\/www.charente2050.fr\/wp-content\/uploads\/2025\/06\/Temperature-moy-saisonnieres_minimales_TN_2024bis-768x808.png 768w, https:\/\/www.charente2050.fr\/wp-content\/uploads\/2025\/06\/Temperature-moy-saisonnieres_minimales_TN_2024bis.png 1237w\" sizes=\"(max-width: 973px) 100vw, 973px\" \/><\/figure>\n\n\n\n<p class=\"has-black-color has-text-color\"><strong><em>Exemple de la station de Cognac<\/em><\/strong> <\/p>\n\n\n\n<p class=\"has-black-color has-text-color\">L&rsquo;exemple de la station de Cognac illustre l&rsquo;\u00e9volution des <strong>temp\u00e9ratures minimales saisonni\u00e8res<\/strong> \u00e0 l&rsquo;\u00e9chelle de la station de Cognac. Cette station poss\u00e8de des donn\u00e9es de temp\u00e9ratures minimales depuis 1950, permettant de calculer une tendance plus marqu\u00e9e pour la <strong>p\u00e9riode 1991-2023, avec une augmentation de + 0,02 \u00e0 + 0,04 \u00b0C par an<\/strong>. En revanche, pour la <strong>p\u00e9riode de 1950 \u00e0 2024, la temp\u00e9rature minimale annuelle augmente de + 0,02 \u00e0 + 0,03 \u00b0C par an<\/strong> sur une p\u00e9riode plus longue.<\/p>\n\n\n\n<ul class=\"has-black-color has-text-color\"><li><strong>La temp\u00e9rature minimale saisonni\u00e8re de Cognac a augment\u00e9 de + 1,48 \u00b0C \u00e0 + 2,22 \u00b0C en 74 ans<\/strong> pour l&rsquo;hiver, le printemps, l&rsquo;automne<strong> et de + 2.95 \u00b0C l&rsquo;\u00e9t\u00e9 .<\/strong><\/li><li><strong>La temp\u00e9rature <strong>minimales saisonni\u00e8res<\/strong> de Cognac a augment\u00e9 de + 0,68 \u00b0C en hiver, au printemps, de + 1,02 \u00b0C en \u00e9t\u00e9 et de + 1,36 \u00b0C en automne sur 34 ans<\/strong>.<\/li><\/ul>\n\n\n\n<p class=\"has-black-color has-text-color\">En fonction de la normale climatique 1991-2020  :<\/p>\n\n\n\n<ul class=\"has-black-color has-text-color\"><li>Avant 1991, presque toutes les ann\u00e9es avaient des moyennes saisonni\u00e8res inf\u00e9rieures \u00e0 la normale, sauf en hiver, o\u00f9 les temp\u00e9ratures minimales fluctuent.<\/li><li>Entre 1991 et 2013, les temp\u00e9ratures moyennes minimales fluctuent entre des ann\u00e9es plus froides et plus chaudes que la normale.<\/li><li>Depuis 2014, les temp\u00e9ratures minimales saisonni\u00e8res sont presque toutes sup\u00e9rieures \u00e0 la normale, avec un \u00e9cart de plus en plus important.<\/li><\/ul>\n\n\n\n<p class=\"has-black-color has-text-color\">La moyenne glissante sur 10 ans montre qu&rsquo;<strong>avant les ann\u00e9es 1990, les temp\u00e9ratures minimales saisonni\u00e8res \u00e9taient lin\u00e9aire, mais depuis elles ne cessent d&rsquo;augmenter, avec une acc\u00e9l\u00e9ration depuis 2014<\/strong>.<\/p>\n\n\n\n<figure class=\"wp-block-image size-large\"><img loading=\"lazy\" width=\"1024\" height=\"752\" src=\"http:\/\/www.charente2050.fr\/wp-content\/uploads\/2025\/04\/COGNAC-8-1024x752.png\" alt=\"\" class=\"wp-image-3607\" srcset=\"https:\/\/www.charente2050.fr\/wp-content\/uploads\/2025\/04\/COGNAC-8-1024x752.png 1024w, https:\/\/www.charente2050.fr\/wp-content\/uploads\/2025\/04\/COGNAC-8-300x220.png 300w, https:\/\/www.charente2050.fr\/wp-content\/uploads\/2025\/04\/COGNAC-8-768x564.png 768w, https:\/\/www.charente2050.fr\/wp-content\/uploads\/2025\/04\/COGNAC-8-1536x1128.png 1536w, https:\/\/www.charente2050.fr\/wp-content\/uploads\/2025\/04\/COGNAC-8-2048x1503.png 2048w\" sizes=\"(max-width: 1024px) 100vw, 1024px\" \/><\/figure>\n\n\n\n<p><\/p>\n\n\n\n<section id=\"4a2682\" class=\"section-4a2682 gutentor-module gutentor-module-accordion\"><div class=\"grid-container\">\n<div id=\"5acdca\" class=\"wp-block-gutentor-m6-item section-5acdca gutentor-module gutentor-module-accordion-item\"><div class=\"gutentor-module-accordion-panel g-a-panel-4a2682\"><div class=\"gm-ah-4a2682 gutentor-module-accordion-item-heading gutentor-module-icon-position-right\"><span class=\"gutentor-module-accordion-panel-handler\" role=\"button\"><span class=\"gutentor-module-accordion-panel-handler-label\">Autres stations m\u00e9t\u00e9orologiques<\/span><span class=\"gutentor-module-accordion-icon\"><i class=\"gm-aio-4a2682 gutentor-module-accordion-icon-open fas fa-plus\"><\/i><i class=\"gm-aic-4a2682 gutentor-module-accordion-icon-close fas fa-minus\"><\/i><\/span><\/span><\/div><div class=\"gm-ab-4a2682 gutentor-module-accordion-body\">\n<div id=\"section-g3fa7a8\" class=\"wp-block-gutentor-e0 section-g3fa7a8 gutentor-element gutentor-element-advanced-text\"><div class=\"gutentor-text-wrap\"><p class=\"gutentor-text\">Les graphiques des tendances d&rsquo;\u00e9volution des temp\u00e9ratures moyennes minimales saisonni\u00e8res des autres stations sont disponibles via les liens suivants:<\/p><\/div><\/div>\n\n\n\n<section id=\"gm3ad0d01\" class=\"wp-block-gutentor-m4 section-gm3ad0d01 gutentor-module gutentor-advanced-columns\"><div class=\"grid-container\"><div class=\"grid-row\">\n<div id=\"col-gm8e5ffd\" class=\"wp-block-gutentor-m4-col col-gm8e5ffd gutentor-single-column  grid-lg-6 grid-md-12 grid-12\"><div id=\"section-gm8e5ffd\" class=\"section-gm8e5ffd gutentor-col-wrap\">\n<ul class=\"has-black-color has-text-color\"><li><a href=\"http:\/\/www.charente2050.fr\/wp-content\/uploads\/2025\/04\/CHALUS-4.png\">Chalus<\/a><\/li><li><a href=\"http:\/\/www.charente2050.fr\/wp-content\/uploads\/2025\/04\/CHASSIRON-4.png\">Chassiron<\/a><\/li><li><a href=\"http:\/\/www.charente2050.fr\/wp-content\/uploads\/2025\/04\/LE-VIEUX-CERIER-4.png\">Ch\u00e2teau d&rsquo;Ol\u00e9ron<\/a><\/li><li><a href=\"http:\/\/www.charente2050.fr\/wp-content\/uploads\/2025\/04\/LE-VIEUX-CERIER-4.png\">Ch\u00e9ronnac<\/a><\/li><li><a href=\"http:\/\/www.charente2050.fr\/wp-content\/uploads\/2025\/04\/LE-VIEUX-CERIER-4.png\">Civray<\/a><\/li><li><a href=\"http:\/\/www.charente2050.fr\/wp-content\/uploads\/2025\/04\/LE-VIEUX-CERIER-4.png\">Cognac<\/a><\/li><li><a href=\"http:\/\/www.charente2050.fr\/wp-content\/uploads\/2025\/04\/LE-VIEUX-CERIER-4.png\">La Couronne<\/a><\/li><li><a href=\"http:\/\/www.charente2050.fr\/wp-content\/uploads\/2025\/04\/LE-VIEUX-CERIER-4.png\">Le Vieux C\u00e9rier<\/a><\/li><li><a href=\"http:\/\/www.charente2050.fr\/wp-content\/uploads\/2025\/04\/MELLE-4.png\">Melle<\/a><\/li><\/ul>\n<\/div><\/div>\n\n\n\n<div id=\"col-gmee00a9\" class=\"wp-block-gutentor-m4-col col-gmee00a9 gutentor-single-column  grid-lg-6 grid-md-12 grid-12\"><div id=\"section-gmee00a9\" class=\"section-gmee00a9 gutentor-col-wrap\">\n<ul class=\"has-black-color has-text-color\"><li><a href=\"http:\/\/www.charente2050.fr\/wp-content\/uploads\/2025\/04\/MONTEMBOEUF-4.png\">Montemboeuf<\/a><\/li><li><a href=\"http:\/\/www.charente2050.fr\/wp-content\/uploads\/2025\/04\/NUAILLE-SUR-BOUTONNE-4.png\">Nuaille sur boutonne<\/a><\/li><li><a href=\"http:\/\/www.charente2050.fr\/wp-content\/uploads\/2025\/04\/SAINTES-4.png\">Saintes<\/a><\/li><li><a href=\"http:\/\/www.charente2050.fr\/wp-content\/uploads\/2025\/04\/SEGONZAC-4.png\">Segonzac<\/a><\/li><li><a href=\"http:\/\/www.charente2050.fr\/wp-content\/uploads\/2025\/04\/ST-AGNANT-4.png\">St Agnant<\/a><\/li><li><a href=\"http:\/\/www.charente2050.fr\/wp-content\/uploads\/2025\/04\/ST-GERMAIN-DE-LUSIGNAN-4.png\">St-Germain-de-Lusignan<\/a><\/li><li><a href=\"http:\/\/www.charente2050.fr\/wp-content\/uploads\/2025\/04\/ST-LAURENT-PREE-INRAE-4.png\">St-Laurent PREE-INRAE<\/a><\/li><li><a href=\"http:\/\/www.charente2050.fr\/wp-content\/uploads\/2025\/04\/TUSSON-4.png\">Tusson<\/a><\/li><\/ul>\n<\/div><\/div>\n<\/div><\/div><\/section>\n<\/div><\/div><\/div>\n<\/div><\/section>\n\n\n\n<p><\/p>\n\n\n\n<p class=\"has-black-color has-text-color\">Toujours pour la station de <strong>Cognac, qui comporte un nombre important d\u2019ann\u00e9es de donn\u00e9es<\/strong>, il est possible de comparer les diff\u00e9rences entre les temp\u00e9ratures moyennes minimales de chaque saison avec deux normales climatiques :<\/p>\n\n\n\n<figure class=\"wp-block-table is-style-regular\"><table class=\"has-black-color has-text-color has-fixed-layout\"><thead><tr><th class=\"has-text-align-center\" data-align=\"center\">Normale climatique<\/th><th class=\"has-text-align-center\" data-align=\"center\">Hiver<\/th><th class=\"has-text-align-center\" data-align=\"center\">Printemps<\/th><th class=\"has-text-align-center\" data-align=\"center\">\u00c9t\u00e9<\/th><th class=\"has-text-align-center\" data-align=\"center\">Automne<\/th><\/tr><\/thead><tbody><tr><td class=\"has-text-align-center\" data-align=\"center\"><strong>1981 &#8211; 2010<\/strong><\/td><td class=\"has-text-align-center\" data-align=\"center\">2,95 \u00b0C<\/td><td class=\"has-text-align-center\" data-align=\"center\">7,47 \u00b0C<\/td><td class=\"has-text-align-center\" data-align=\"center\">14,61 \u00b0C<\/td><td class=\"has-text-align-center\" data-align=\"center\">9,22 \u00b0 C<\/td><\/tr><tr><td class=\"has-text-align-center\" data-align=\"center\"><strong> 1991 &#8211; 2020<\/strong><\/td><td class=\"has-text-align-center\" data-align=\"center\">3,29 \u00b0C<\/td><td class=\"has-text-align-center\" data-align=\"center\">7,83 \u00b0C<\/td><td class=\"has-text-align-center\" data-align=\"center\">15,03 \u00b0C<\/td><td class=\"has-text-align-center\" data-align=\"center\">9,57 \u00b0C<\/td><\/tr><\/tbody><\/table><\/figure>\n\n\n\n<p class=\"has-black-color has-text-color\">En comparant les r\u00e9sultats entre les deux normales climatiques :<\/p>\n\n\n\n<ul class=\"has-black-color has-text-color\"><li><strong>En 10 ans, la temp\u00e9rature minimale saisonni\u00e8re a augment\u00e9 de + 0,3 \u00e0 + 0,7\u00b0C<\/strong>.<\/li><\/ul>\n\n\n\n<p><\/p>\n\n\n\n<h2 class=\"has-text-color\" id=\"5--%C3%A9volution-du-nombre-de-journ%C3%A9es-estivales-\" style=\"color:#0071a1\"><strong>4. \u00c9volution du nombre de journ\u00e9es estivales<\/strong><\/h2>\n\n\n\n<p class=\"has-black-color has-text-color has-regular-font-size\"><span style=\"color:#000000\" class=\"tadv-color\">Le <strong>nombre de journ\u00e9es estivales<\/strong> correspond au <strong>nombre de journ\u00e9es o\u00f9 la temp\u00e9rature maximale est \u00e9gale ou sup\u00e9rieure \u00e0  25 \u00b0C.<\/strong> Cela renseigne sur les extr\u00eames climatiques pouvant \u00e9voluer avec le changement climatique.<\/span><\/p>\n\n\n\n<p><strong>*<\/strong>Certaines tendances d&rsquo;\u00e9volution sont statistiquement non significatives et sont pr\u00e9sent\u00e9es \u00e0 titre indicatif&nbsp;<\/p>\n\n\n\n<p class=\"has-black-color has-text-color\"><strong><em>Exemple de la station de Cognac<\/em><\/strong><\/p>\n\n\n\n<p><span style=\"color:#000000\" class=\"tadv-color\">La station de Cognac illustre l&rsquo;\u00e9volution du nombre de journ\u00e9es estivales par an. Cette station poss\u00e8de des donn\u00e9es de temp\u00e9rature maximale depuis 1950, permettant de calculer une tendance avec une <strong>augmentation de 0,51 jour par an<\/strong>, pour la p\u00e9riode 1950-2024 et de <strong>0,78 jour par an<\/strong> pour la p\u00e9riode 1991-2024.<\/span><\/p>\n\n\n\n<ul class=\"has-black-color has-text-color\"><li>Soit une augmentation de <strong>+ 38  jours en 74 ans<\/strong> selon la tendance g\u00e9n\u00e9rale et <strong>+ 27 jours en 34 ans.<\/strong><\/li><\/ul>\n\n\n\n<p class=\"has-black-color has-text-color\">La tendance d&rsquo;augmentation de cet indicateur est lin\u00e9aire dans le temps depuis 1950, comme le montre la moyenne glissante sur 10 ans.<\/p>\n\n\n\n<p><\/p>\n\n\n\n<figure class=\"wp-block-image size-large\"><img loading=\"lazy\" width=\"1024\" height=\"567\" src=\"http:\/\/www.charente2050.fr\/wp-content\/uploads\/2025\/04\/COGNAC-9-1024x567.png\" alt=\"\" class=\"wp-image-3624\" srcset=\"https:\/\/www.charente2050.fr\/wp-content\/uploads\/2025\/04\/COGNAC-9-1024x567.png 1024w, https:\/\/www.charente2050.fr\/wp-content\/uploads\/2025\/04\/COGNAC-9-300x166.png 300w, https:\/\/www.charente2050.fr\/wp-content\/uploads\/2025\/04\/COGNAC-9-768x425.png 768w, https:\/\/www.charente2050.fr\/wp-content\/uploads\/2025\/04\/COGNAC-9-1536x850.png 1536w, https:\/\/www.charente2050.fr\/wp-content\/uploads\/2025\/04\/COGNAC-9-2048x1134.png 2048w\" sizes=\"(max-width: 1024px) 100vw, 1024px\" \/><\/figure>\n\n\n\n<p><\/p>\n\n\n\n<section id=\"3f6e6d\" class=\"section-3f6e6d gutentor-module gutentor-module-accordion\"><div class=\"grid-container\">\n<div id=\"8063d3\" class=\"wp-block-gutentor-m6-item section-8063d3 gutentor-module gutentor-module-accordion-item\"><div class=\"gutentor-module-accordion-panel g-a-panel-3f6e6d\"><div class=\"gm-ah-3f6e6d gutentor-module-accordion-item-heading gutentor-module-icon-position-right\"><span class=\"gutentor-module-accordion-panel-handler\" role=\"button\"><span class=\"gutentor-module-accordion-panel-handler-label\">Autres stations m\u00e9t\u00e9orologiques<\/span><span class=\"gutentor-module-accordion-icon\"><i class=\"gm-aio-3f6e6d gutentor-module-accordion-icon-open fas fa-plus\"><\/i><i class=\"gm-aic-3f6e6d gutentor-module-accordion-icon-close fas fa-minus\"><\/i><\/span><\/span><\/div><div class=\"gm-ab-3f6e6d gutentor-module-accordion-body\">\n<div id=\"section-ge39f89\" class=\"wp-block-gutentor-e0 section-ge39f89 gutentor-element gutentor-element-advanced-text\"><div class=\"gutentor-text-wrap\"><p class=\"gutentor-text\">Les graphiques des \u00e9volutions du nombre de journ\u00e9es estivales des autres stations sont disponibles via les liens suivants:<\/p><\/div><\/div>\n\n\n\n<section id=\"gm183385a\" class=\"wp-block-gutentor-m4 section-gm183385a gutentor-module gutentor-advanced-columns\"><div class=\"grid-container\"><div class=\"grid-row\">\n<div id=\"col-gmd60e2b\" class=\"wp-block-gutentor-m4-col col-gmd60e2b gutentor-single-column  grid-lg-6 grid-md-12 grid-12\"><div id=\"section-gmd60e2b\" class=\"section-gmd60e2b gutentor-col-wrap\">\n<ul class=\"has-black-color has-text-color\"><li><a href=\"http:\/\/www.charente2050.fr\/wp-content\/uploads\/2025\/04\/CHALUS-5.png\">Chalus<\/a><\/li><li><a href=\"http:\/\/www.charente2050.fr\/wp-content\/uploads\/2025\/04\/CHASSIRON-5.png\">Chassiron<\/a><\/li><li><a href=\"http:\/\/www.charente2050.fr\/wp-content\/uploads\/2025\/04\/CHATEAU-DOLERON-5.png\">Ch\u00e2teau d&rsquo;Ol\u00e9ron<\/a><\/li><li><a href=\"http:\/\/www.charente2050.fr\/wp-content\/uploads\/2025\/04\/CHERONNAC-5.png\">Ch\u00e9ronnac<\/a><\/li><li><a href=\"http:\/\/www.charente2050.fr\/wp-content\/uploads\/2025\/04\/CIVRAY-5.png\">Civray<\/a><\/li><li><a href=\"http:\/\/www.charente2050.fr\/wp-content\/uploads\/2025\/04\/COGNAC-9.png\">Cognac<\/a><\/li><li><a href=\"http:\/\/www.charente2050.fr\/wp-content\/uploads\/2025\/04\/LA-COURONNE-5.png\">La Couronne<\/a><\/li><li><a href=\"http:\/\/www.charente2050.fr\/wp-content\/uploads\/2025\/04\/LE-VIEUX-CERIER-5.png\">Le Vieux C\u00e9rier<\/a><\/li><li><a href=\"http:\/\/www.charente2050.fr\/wp-content\/uploads\/2025\/04\/MELLE-5.png\">Melle<\/a><\/li><\/ul>\n<\/div><\/div>\n\n\n\n<div id=\"col-gm1bece6\" class=\"wp-block-gutentor-m4-col col-gm1bece6 gutentor-single-column  grid-lg-6 grid-md-12 grid-12\"><div id=\"section-gm1bece6\" class=\"section-gm1bece6 gutentor-col-wrap\">\n<ul class=\"has-black-color has-text-color\"><li><a href=\"http:\/\/www.charente2050.fr\/wp-content\/uploads\/2025\/04\/MONTEMBOEUF-5.png\">Montemboeuf<\/a><\/li><li><a href=\"http:\/\/www.charente2050.fr\/wp-content\/uploads\/2025\/04\/NUAILLE-SUR-BOUTONNE-5.png\">Nuaille sur boutonne<\/a><\/li><li><a href=\"http:\/\/www.charente2050.fr\/wp-content\/uploads\/2025\/04\/SAINTES-5.png\">Saintes<\/a><\/li><li><a href=\"http:\/\/www.charente2050.fr\/wp-content\/uploads\/2025\/04\/SEGONZAC-5.png\">Segonzac<\/a><\/li><li><a href=\"http:\/\/www.charente2050.fr\/wp-content\/uploads\/2025\/04\/ST-AGNANT-5.png\">St Agnant<\/a><\/li><li><a href=\"http:\/\/www.charente2050.fr\/wp-content\/uploads\/2025\/04\/ST-GERMAIN-DE-LUSIGNAN-5.png\">St-Germain-de-Lusignan<\/a><\/li><li><a href=\"http:\/\/www.charente2050.fr\/wp-content\/uploads\/2025\/04\/ST-LAURENT-PREE-INRAE-5.png\">St-Laurent PREE-INRAE<\/a><\/li><li><a href=\"http:\/\/www.charente2050.fr\/wp-content\/uploads\/2025\/04\/TUSSON-5.png\">Tusson<\/a><\/li><\/ul>\n<\/div><\/div>\n<\/div><\/div><\/section>\n<\/div><\/div><\/div>\n<\/div><\/section>\n\n\n\n<p><\/p>\n\n\n\n<h2 class=\"has-text-color\" id=\"7--%C3%A9volution-du-nombre-de-jours-de-forte-chaleur-\" style=\"color:#0071a1\"><strong>5. \u00c9volution du nombre de jours de forte chaleur<\/strong><\/h2>\n\n\n\n<p class=\"has-black-color has-text-color\"><\/p>\n\n\n\n<p class=\"has-black-color has-text-color has-regular-font-size\"><span style=\"color:#000000\" class=\"tadv-color\">Le <strong>nombre de journ\u00e9es de forte chaleur<\/strong> correspond au <strong>nombre de journ\u00e9es o\u00f9 la temp\u00e9rature maximale est \u00e9gale ou sup\u00e9rieure \u00e0  35 \u00b0C<\/strong>. Cela renseigne sur les extr\u00eames climatiques pouvant \u00e9voluer avec le changement climatique.<\/span><\/p>\n\n\n\n<p><strong>*<\/strong>Certaines tendances d&rsquo;\u00e9volution sont statistiquement non significatives et sont pr\u00e9sent\u00e9es \u00e0 titre indicatif&nbsp;<\/p>\n\n\n\n<p class=\"has-black-color has-text-color\"><strong><em>Exemple de la station de Cognac<\/em><\/strong><\/p>\n\n\n\n<p><span style=\"color:#000000\" class=\"tadv-color\">La station de Cognac illustre l&rsquo;\u00e9volution du nombre de journ\u00e9es de forte chaleur par an. Cette station poss\u00e8de des donn\u00e9es de temp\u00e9rature maximale depuis 1946, permettant de calculer une tendance avec une augmentation de + <strong>1 jours tous les dix-sept ans, pour la tendance 1950-2023<\/strong> et de <strong>+ 2 jours en dix-sept ans pour la tendance 1991-2023<\/strong>.<\/span><\/p>\n\n\n\n<ul class=\"has-black-color has-text-color\"><li>Le nombre de journ\u00e9es est pass\u00e9 de 2 jours en moyenne par an en 1950 \u00e0 10 jours en 2023.<\/li><li>Soit une augmentation en moyenne de <strong>+ 4 jours en 74 ans et de + 5 jours en 34 ans<\/strong>.<\/li><li>Avec des ann\u00e9es de s\u00e9cheresse comme 2003 et 2022 ayant d\u00e9pass\u00e9 25 journ\u00e9es de fortes chaleurs dans l&rsquo;ann\u00e9e.<\/li><\/ul>\n\n\n\n<p class=\"has-black-color has-text-color\">La tendance d&rsquo;augmentation de cet indicateur est acc\u00e9l\u00e9r\u00e9e depuis 1990, comme le montre la moyenne glissante sur 10 ans.<\/p>\n\n\n\n<figure class=\"wp-block-image size-large\"><img loading=\"lazy\" width=\"1024\" height=\"567\" src=\"http:\/\/www.charente2050.fr\/wp-content\/uploads\/2025\/04\/COGNAC-10-1024x567.png\" alt=\"\" class=\"wp-image-3641\" srcset=\"https:\/\/www.charente2050.fr\/wp-content\/uploads\/2025\/04\/COGNAC-10-1024x567.png 1024w, https:\/\/www.charente2050.fr\/wp-content\/uploads\/2025\/04\/COGNAC-10-300x166.png 300w, https:\/\/www.charente2050.fr\/wp-content\/uploads\/2025\/04\/COGNAC-10-768x425.png 768w, https:\/\/www.charente2050.fr\/wp-content\/uploads\/2025\/04\/COGNAC-10-1536x850.png 1536w, https:\/\/www.charente2050.fr\/wp-content\/uploads\/2025\/04\/COGNAC-10-2048x1134.png 2048w\" sizes=\"(max-width: 1024px) 100vw, 1024px\" \/><\/figure>\n\n\n\n<p><\/p>\n\n\n\n<section id=\"71749f\" class=\"section-71749f gutentor-module gutentor-module-accordion\"><div class=\"grid-container\">\n<div id=\"41c03c\" class=\"wp-block-gutentor-m6-item section-41c03c gutentor-module gutentor-module-accordion-item\"><div class=\"gutentor-module-accordion-panel g-a-panel-71749f\"><div class=\"gm-ah-71749f gutentor-module-accordion-item-heading gutentor-module-icon-position-right\"><span class=\"gutentor-module-accordion-panel-handler\" role=\"button\"><span class=\"gutentor-module-accordion-panel-handler-label\">Autres stations m\u00e9t\u00e9orologiques<\/span><span class=\"gutentor-module-accordion-icon\"><i class=\"gm-aio-71749f gutentor-module-accordion-icon-open fas fa-plus\"><\/i><i class=\"gm-aic-71749f gutentor-module-accordion-icon-close fas fa-minus\"><\/i><\/span><\/span><\/div><div class=\"gm-ab-71749f gutentor-module-accordion-body\">\n<div id=\"section-g9a1e35\" class=\"wp-block-gutentor-e0 section-g9a1e35 gutentor-element gutentor-element-advanced-text\"><div class=\"gutentor-text-wrap\"><p class=\"gutentor-text\">Les graphiques des \u00e9volution du nombre de jours de forte chaleur des autres stations sont disponibles via les liens suivants :<\/p><\/div><\/div>\n\n\n\n<section id=\"gm1f1da5e\" class=\"wp-block-gutentor-m4 section-gm1f1da5e gutentor-module gutentor-advanced-columns\"><div class=\"grid-container\"><div class=\"grid-row\">\n<div id=\"col-gmcddd6a\" class=\"wp-block-gutentor-m4-col col-gmcddd6a gutentor-single-column  grid-lg-6 grid-md-12 grid-12\"><div id=\"section-gmcddd6a\" class=\"section-gmcddd6a gutentor-col-wrap\">\n<ul class=\"has-black-color has-text-color\"><li><a href=\"http:\/\/www.charente2050.fr\/wp-content\/uploads\/2025\/04\/CHALUS-6.png\">Chalus<\/a><\/li><li><a href=\"http:\/\/www.charente2050.fr\/wp-content\/uploads\/2025\/04\/CHASSIRON-6.png\">Chassiron<\/a><\/li><li><a href=\"http:\/\/www.charente2050.fr\/wp-content\/uploads\/2025\/04\/CHATEAU-DOLERON-6.png\">Ch\u00e2teau d&rsquo;Ol\u00e9ron<\/a><\/li><li><a href=\"http:\/\/www.charente2050.fr\/wp-content\/uploads\/2025\/04\/CHERONNAC-6.png\">Ch\u00e9ronnac<\/a><\/li><li><a href=\"http:\/\/www.charente2050.fr\/wp-content\/uploads\/2025\/04\/CIVRAY-6.png\">Civray<\/a><\/li><li><a href=\"http:\/\/www.charente2050.fr\/wp-content\/uploads\/2025\/04\/COGNAC-10.png\">Cognac<\/a><\/li><li><a href=\"http:\/\/www.charente2050.fr\/wp-content\/uploads\/2025\/04\/LA-COURONNE-6.png\">La Couronne<\/a><\/li><li><a href=\"http:\/\/www.charente2050.fr\/wp-content\/uploads\/2025\/04\/LE-VIEUX-CERIER-6.png\">Le Vieux C\u00e9rier<\/a><\/li><li><a href=\"http:\/\/www.charente2050.fr\/wp-content\/uploads\/2025\/04\/MELLE-6.png\">Melle<\/a><\/li><\/ul>\n<\/div><\/div>\n\n\n\n<div id=\"col-gm5d846a\" class=\"wp-block-gutentor-m4-col col-gm5d846a gutentor-single-column  grid-lg-6 grid-md-12 grid-12\"><div id=\"section-gm5d846a\" class=\"section-gm5d846a gutentor-col-wrap\">\n<ul class=\"has-black-color has-text-color\"><li><a href=\"http:\/\/www.charente2050.fr\/wp-content\/uploads\/2025\/04\/MONTEMBOEUF-6.png\">Montemboeuf<\/a><\/li><li><a href=\"http:\/\/www.charente2050.fr\/wp-content\/uploads\/2025\/04\/NUAILLE-SUR-BOUTONNE-6.png\">Nuaille sur boutonne<\/a><\/li><li><a href=\"http:\/\/www.charente2050.fr\/wp-content\/uploads\/2025\/04\/SAINTES-6.png\">Saintes<\/a><\/li><li><a href=\"http:\/\/www.charente2050.fr\/wp-content\/uploads\/2025\/04\/SEGONZAC-6.png\">Segonzac<\/a><\/li><li><a href=\"http:\/\/www.charente2050.fr\/wp-content\/uploads\/2025\/04\/ST-AGNANT-6.png\">St Agnant<\/a><\/li><li><a href=\"http:\/\/www.charente2050.fr\/wp-content\/uploads\/2025\/04\/ST-GERMAIN-DE-LUSIGNAN-6.png\">St-Germain-de-Lusignan<\/a><\/li><li><a href=\"http:\/\/www.charente2050.fr\/wp-content\/uploads\/2025\/04\/ST-LAURENT-PREE-INRAE-6.png\">St-Laurent PREE-INRAE<\/a><\/li><li><a href=\"http:\/\/www.charente2050.fr\/wp-content\/uploads\/2025\/04\/TUSSON-6.png\">Tusson<\/a><\/li><\/ul>\n<\/div><\/div>\n<\/div><\/div><\/section>\n<\/div><\/div><\/div>\n<\/div><\/section>\n\n\n\n<p><\/p>\n\n\n\n<h2 class=\"has-text-color\" id=\"9--%C3%A9volution-du-nombre-de-jours-sous-vague-de-chaleur-\" style=\"color:#0071a1\"><strong>6. \u00c9volution du nombre de jours sous vague de chaleur<\/strong><\/h2>\n\n\n\n<p class=\"has-black-color has-text-color has-regular-font-size\"><span style=\"color:#000000\" class=\"tadv-color\">Le <strong>nombre de jours sous vague de chaleur<\/strong> correspond au <strong>nombre de journ\u00e9es o\u00f9 la temp\u00e9rature maximale est \u00e9gale ou sup\u00e9rieure \u00e0  la normale climatique (1991-2020) des temp\u00e9ratures moyennes maximales annuelles plus 5 \u00b0C plus de 5 jours cons\u00e9cutifs. <\/strong>Cela renseigne sur les extr\u00eames climatiques pouvant \u00e9voluer avec le changement climatique.<\/span><\/p>\n\n\n\n<p><strong>*<\/strong>Certaines tendances d&rsquo;\u00e9volution sont statistiquement non significatives et sont pr\u00e9sent\u00e9es \u00e0 titre indicatif&nbsp;<\/p>\n\n\n\n<p class=\"has-black-color has-text-color\"><strong><em>Exemple de la station de Cognac<\/em><\/strong><\/p>\n\n\n\n<p><span style=\"color:#000000\" class=\"tadv-color\">La station de Cognac illustre l&rsquo;\u00e9volution du  <span style=\"color:#000000\" class=\"tadv-color\">nombre de jours sous vague de chaleur<\/span>  par an. Cette station poss\u00e8de des donn\u00e9es de temp\u00e9rature maximale depuis 1950, permettant de calculer une tendance avec une <strong>augmentation de +0,5 \u00e0 0,7 jour tous les an<\/strong>, pour la p\u00e9riode 1950-2024 et 1991-2024.<\/span><\/p>\n\n\n\n<ul class=\"has-black-color has-text-color\"><li>Le nombre de journ\u00e9es est pass\u00e9 de 35 jours par an en moyenne en 1950 \u00e0 60 jours en 2023.<\/li><li>Soit une augmentation en moyenne de <strong>+ 36  jours en 74 ans et  de + 25 jours en 34 ans<\/strong> selon les tendances.<\/li><li>Avec des ann\u00e9es de s\u00e9cheresse comme 2003, 2018 et 2022 ayant d\u00e9passer 150 jours cons\u00e9cutifs sous vague de chaleur dans l&rsquo;ann\u00e9e.<\/li><\/ul>\n\n\n\n<p class=\"has-black-color has-text-color\">La tendance d&rsquo;augmentation de cet indicateur est lin\u00e9aire dans le temps depuis 1950, comme le montre la moyenne glissante sur 10 ans.<\/p>\n\n\n\n<figure class=\"wp-block-image size-large\"><img loading=\"lazy\" width=\"1024\" height=\"567\" src=\"http:\/\/www.charente2050.fr\/wp-content\/uploads\/2025\/04\/COGNAC-11-1024x567.png\" alt=\"\" class=\"wp-image-3663\" srcset=\"https:\/\/www.charente2050.fr\/wp-content\/uploads\/2025\/04\/COGNAC-11-1024x567.png 1024w, https:\/\/www.charente2050.fr\/wp-content\/uploads\/2025\/04\/COGNAC-11-300x166.png 300w, https:\/\/www.charente2050.fr\/wp-content\/uploads\/2025\/04\/COGNAC-11-768x425.png 768w, https:\/\/www.charente2050.fr\/wp-content\/uploads\/2025\/04\/COGNAC-11-1536x850.png 1536w, https:\/\/www.charente2050.fr\/wp-content\/uploads\/2025\/04\/COGNAC-11-2048x1134.png 2048w\" sizes=\"(max-width: 1024px) 100vw, 1024px\" \/><\/figure>\n\n\n\n<p><\/p>\n\n\n\n<section id=\"a1c89b\" class=\"section-a1c89b gutentor-module gutentor-module-accordion\"><div class=\"grid-container\">\n<div id=\"443b0e\" class=\"wp-block-gutentor-m6-item section-443b0e gutentor-module gutentor-module-accordion-item\"><div class=\"gutentor-module-accordion-panel g-a-panel-a1c89b\"><div class=\"gm-ah-a1c89b gutentor-module-accordion-item-heading gutentor-module-icon-position-right\"><span class=\"gutentor-module-accordion-panel-handler\" role=\"button\"><span class=\"gutentor-module-accordion-panel-handler-label\">Autres stations m\u00e9t\u00e9orologiques<\/span><span class=\"gutentor-module-accordion-icon\"><i class=\"gm-aio-a1c89b gutentor-module-accordion-icon-open fas fa-plus\"><\/i><i class=\"gm-aic-a1c89b gutentor-module-accordion-icon-close fas fa-minus\"><\/i><\/span><\/span><\/div><div class=\"gm-ab-a1c89b gutentor-module-accordion-body\">\n<div id=\"section-g9a4cce\" class=\"wp-block-gutentor-e0 section-g9a4cce gutentor-element gutentor-element-advanced-text\"><div class=\"gutentor-text-wrap\"><p class=\"gutentor-text\">Les graphiques d&rsquo;\u00e9volution du nombre de jours sous vague de chaleur des autres stations sont disponibles via les liens suivants:<\/p><\/div><\/div>\n\n\n\n<section id=\"gm6f93f9b\" class=\"wp-block-gutentor-m4 section-gm6f93f9b gutentor-module gutentor-advanced-columns\"><div class=\"grid-container\"><div class=\"grid-row\">\n<div id=\"col-gm3bb08d\" class=\"wp-block-gutentor-m4-col col-gm3bb08d gutentor-single-column  grid-lg-6 grid-md-12 grid-12\"><div id=\"section-gm3bb08d\" class=\"section-gm3bb08d gutentor-col-wrap\">\n<ul class=\"has-black-color has-text-color\"><li><a href=\"http:\/\/www.charente2050.fr\/wp-content\/uploads\/2025\/04\/CHALUS-7.png\">Chalus<\/a><\/li><li><a href=\"http:\/\/www.charente2050.fr\/wp-content\/uploads\/2025\/04\/CHASSIRON-7.png\">Chassiron<\/a><\/li><li><a href=\"http:\/\/www.charente2050.fr\/wp-content\/uploads\/2025\/04\/CHATEAU-DOLERON-7.png\">Ch\u00e2teau d&rsquo;Ol\u00e9ron<\/a><\/li><li><a href=\"http:\/\/www.charente2050.fr\/wp-content\/uploads\/2025\/04\/CHERONNAC-7.png\">Ch\u00e9ronnac<\/a><\/li><li><a href=\"http:\/\/www.charente2050.fr\/wp-content\/uploads\/2025\/04\/CIVRAY-7.png\">Civray<\/a><\/li><li><a href=\"http:\/\/www.charente2050.fr\/wp-content\/uploads\/2025\/04\/COGNAC-11.png\">Cognac<\/a><\/li><li><a href=\"http:\/\/www.charente2050.fr\/wp-content\/uploads\/2025\/04\/LA-COURONNE-7.png\">La Couronne<\/a><\/li><li><a href=\"http:\/\/www.charente2050.fr\/wp-content\/uploads\/2025\/04\/LE-VIEUX-CERIER-7.png\">Le Vieux C\u00e9rier<\/a><\/li><li><a href=\"http:\/\/www.charente2050.fr\/wp-content\/uploads\/2025\/04\/MELLE-7.png\">Melle<\/a><\/li><\/ul>\n<\/div><\/div>\n\n\n\n<div id=\"col-gmff5363\" class=\"wp-block-gutentor-m4-col col-gmff5363 gutentor-single-column  grid-lg-6 grid-md-12 grid-12\"><div id=\"section-gmff5363\" class=\"section-gmff5363 gutentor-col-wrap\">\n<ul class=\"has-black-color has-text-color\"><li><a href=\"http:\/\/www.charente2050.fr\/wp-content\/uploads\/2025\/04\/MONTEMBOEUF-7.png\">Montemboeuf<\/a><\/li><li><a href=\"http:\/\/www.charente2050.fr\/wp-content\/uploads\/2025\/04\/NUAILLE-SUR-BOUTONNE-7.png\">Nuaille sur boutonne<\/a><\/li><li><a href=\"http:\/\/www.charente2050.fr\/wp-content\/uploads\/2025\/04\/SAINTES-7.png\">Saintes<\/a><\/li><li><a href=\"http:\/\/www.charente2050.fr\/wp-content\/uploads\/2025\/04\/SEGONZAC-7.png\">Segonzac<\/a><\/li><li><a href=\"http:\/\/www.charente2050.fr\/wp-content\/uploads\/2025\/04\/ST-AGNANT-7.png\">St Agnant<\/a><\/li><li><a href=\"http:\/\/www.charente2050.fr\/wp-content\/uploads\/2025\/04\/ST-GERMAIN-DE-LUSIGNAN-7.png\">St-Germain-de-Lusignan<\/a><\/li><li><a href=\"http:\/\/www.charente2050.fr\/wp-content\/uploads\/2025\/04\/ST-LAURENT-PREE-INRAE-7.png\">St-Laurent PREE-INRAE<\/a><\/li><li><a href=\"http:\/\/www.charente2050.fr\/wp-content\/uploads\/2025\/04\/TUSSON-7.png\">Tusson<\/a><\/li><\/ul>\n<\/div><\/div>\n<\/div><\/div><\/section>\n<\/div><\/div><\/div>\n<\/div><\/section>\n\n\n\n<p><\/p>\n\n\n\n<h2 class=\"has-text-color\" id=\"11--%C3%A9volution-du-nombre-de-jours-sous-vague-de-fraicheur-\" style=\"color:#0071a1\"><strong>7. \u00c9volution du nombre de jours sous vague de froid<\/strong><\/h2>\n\n\n\n<p class=\"has-black-color has-text-color\">Le <strong>nombre de jours sous vague de froid<\/strong> correspond au <strong>nombre de journ\u00e9es o\u00f9 la temp\u00e9rature minimale est \u00e9gale ou inf\u00e9rieure \u00e0 la normale climatique (1991-2020) des temp\u00e9ratures moyennes minimales annuelles moins 5 \u00b0C  <span style=\"color:#000000\" class=\"tadv-color\">plus de 5 jours cons\u00e9cutifs<\/span> .<\/strong> Cela renseigne sur les extr\u00eames climatiques pouvant \u00e9voluer avec le changement climatique.<\/p>\n\n\n\n<p class=\"has-black-color has-text-color\"><strong><em>Exemple de la station de Cognac<\/em><\/strong><\/p>\n\n\n\n<p><span style=\"color:#000000\" class=\"tadv-color\">La station de Cognac illustre l&rsquo;\u00e9volution du nombre de jours sous vague de froid par an. Cette station poss\u00e8de des donn\u00e9es de temp\u00e9rature minimale depuis 1950, permettant de calculer une tendance avec une <strong>diminution de &#8211; 1 jours tous les quatre ans,<\/strong> pour la p\u00e9riode 1950-2023 et  1991-2023.<\/span><\/p>\n\n\n\n<ul class=\"has-black-color has-text-color\"><li>Le nombre de journ\u00e9es est pass\u00e9 de 35 jours cons\u00e9cutifs en moyenne par an en 1950 \u00e0 moins de 20 jours en 2024.<\/li><li>Soit une diminution en moyenne de <strong>&#8211; 20  jours en 74 ans et &#8211; 8,5 jours en 34 ans<\/strong>.<\/li><\/ul>\n\n\n\n<p class=\"has-black-color has-text-color\">La tendance de diminution de cet indicateur est lin\u00e9aire dans le temps depuis 1950, comme le montre la moyenne glissante sur 10 ans.<\/p>\n\n\n\n<p><\/p>\n\n\n\n<figure class=\"wp-block-image size-large\"><img loading=\"lazy\" width=\"1024\" height=\"567\" src=\"http:\/\/www.charente2050.fr\/wp-content\/uploads\/2025\/04\/COGNAC-12-1024x567.png\" alt=\"\" class=\"wp-image-3680\" srcset=\"https:\/\/www.charente2050.fr\/wp-content\/uploads\/2025\/04\/COGNAC-12-1024x567.png 1024w, https:\/\/www.charente2050.fr\/wp-content\/uploads\/2025\/04\/COGNAC-12-300x166.png 300w, https:\/\/www.charente2050.fr\/wp-content\/uploads\/2025\/04\/COGNAC-12-768x425.png 768w, https:\/\/www.charente2050.fr\/wp-content\/uploads\/2025\/04\/COGNAC-12-1536x850.png 1536w, https:\/\/www.charente2050.fr\/wp-content\/uploads\/2025\/04\/COGNAC-12-2048x1134.png 2048w\" sizes=\"(max-width: 1024px) 100vw, 1024px\" \/><\/figure>\n\n\n\n<p><\/p>\n\n\n\n<section id=\"e5f388\" class=\"section-e5f388 gutentor-module gutentor-module-accordion\"><div class=\"grid-container\">\n<div id=\"f4386a\" class=\"wp-block-gutentor-m6-item section-f4386a gutentor-module gutentor-module-accordion-item\"><div class=\"gutentor-module-accordion-panel g-a-panel-e5f388\"><div class=\"gm-ah-e5f388 gutentor-module-accordion-item-heading gutentor-module-icon-position-right\"><span class=\"gutentor-module-accordion-panel-handler\" role=\"button\"><span class=\"gutentor-module-accordion-panel-handler-label\">Autres stations m\u00e9t\u00e9orologiques<\/span><span class=\"gutentor-module-accordion-icon\"><i class=\"gm-aio-e5f388 gutentor-module-accordion-icon-open fas fa-plus\"><\/i><i class=\"gm-aic-e5f388 gutentor-module-accordion-icon-close fas fa-minus\"><\/i><\/span><\/span><\/div><div class=\"gm-ab-e5f388 gutentor-module-accordion-body\">\n<div id=\"section-g7ca281\" class=\"wp-block-gutentor-e0 section-g7ca281 gutentor-element gutentor-element-advanced-text\"><div class=\"gutentor-text-wrap\"><p class=\"gutentor-text\">Les graphiques d&rsquo;\u00e9volution du nombre de jours sous vague de froid des autres stations sont disponibles via les liens suivants :<\/p><\/div><\/div>\n\n\n\n<section id=\"gm11c25f2\" class=\"wp-block-gutentor-m4 section-gm11c25f2 gutentor-module gutentor-advanced-columns\"><div class=\"grid-container\"><div class=\"grid-row\">\n<div id=\"col-gme9c5a0\" class=\"wp-block-gutentor-m4-col col-gme9c5a0 gutentor-single-column  grid-lg-6 grid-md-12 grid-12\"><div id=\"section-gme9c5a0\" class=\"section-gme9c5a0 gutentor-col-wrap\">\n<ul class=\"has-black-color has-text-color\"><li><a href=\"http:\/\/www.charente2050.fr\/wp-content\/uploads\/2025\/04\/CHALUS-8.png\">Chalus<\/a><\/li><li><a href=\"http:\/\/www.charente2050.fr\/wp-content\/uploads\/2025\/04\/CHASSIRON-8.png\">Chassiron<\/a><\/li><li><a href=\"http:\/\/www.charente2050.fr\/wp-content\/uploads\/2025\/04\/CHATEAU-DOLERON-8.png\">Ch\u00e2teau d&rsquo;Ol\u00e9ron<\/a><\/li><li><a href=\"http:\/\/www.charente2050.fr\/wp-content\/uploads\/2025\/04\/CHERONNAC-8.png\">Ch\u00e9ronnac<\/a><\/li><li><a href=\"http:\/\/www.charente2050.fr\/wp-content\/uploads\/2025\/04\/CIVRAY-8.png\">Civray<\/a><\/li><li><a href=\"http:\/\/www.charente2050.fr\/wp-content\/uploads\/2025\/04\/COGNAC-12.png\">Cognac<\/a><\/li><li><a href=\"http:\/\/www.charente2050.fr\/wp-content\/uploads\/2025\/04\/LA-COURONNE-8.png\">La Couronne<\/a><\/li><li><a href=\"http:\/\/www.charente2050.fr\/wp-content\/uploads\/2025\/04\/LE-VIEUX-CERIER-8.png\">Le Vieux C\u00e9rier<\/a><\/li><li><a href=\"http:\/\/www.charente2050.fr\/wp-content\/uploads\/2025\/04\/MELLE-8.png\">Melle<\/a><\/li><\/ul>\n<\/div><\/div>\n\n\n\n<div id=\"col-gm7d2eb5\" class=\"wp-block-gutentor-m4-col col-gm7d2eb5 gutentor-single-column  grid-lg-6 grid-md-12 grid-12\"><div id=\"section-gm7d2eb5\" class=\"section-gm7d2eb5 gutentor-col-wrap\">\n<ul class=\"has-black-color has-text-color\"><li><a href=\"http:\/\/www.charente2050.fr\/wp-content\/uploads\/2025\/04\/MONTEMBOEUF-8.png\">Montemboeuf<\/a><\/li><li><a href=\"http:\/\/www.charente2050.fr\/wp-content\/uploads\/2025\/04\/NUAILLE-SUR-BOUTONNE-8.png\">Nuaille sur boutonne<\/a><\/li><li><a href=\"http:\/\/www.charente2050.fr\/wp-content\/uploads\/2025\/04\/SAINTES-8.png\">Saintes<\/a><\/li><li><a href=\"http:\/\/www.charente2050.fr\/wp-content\/uploads\/2025\/04\/SEGONZAC-8.png\">Segonzac<\/a><\/li><li><a href=\"http:\/\/www.charente2050.fr\/wp-content\/uploads\/2025\/04\/ST-AGNANT-8.png\">St Agnant<\/a><\/li><li><a href=\"http:\/\/www.charente2050.fr\/wp-content\/uploads\/2025\/04\/ST-GERMAIN-DE-LUSIGNAN-8.png\">St-Germain-de-Lusignan<\/a><\/li><li><a href=\"http:\/\/www.charente2050.fr\/wp-content\/uploads\/2025\/04\/ST-LAURENT-PREE-INRAE-8.png\">St-Laurent PREE-INRAE<\/a><\/li><li><a href=\"http:\/\/www.charente2050.fr\/wp-content\/uploads\/2025\/04\/TUSSON-8.png\">Tusson<\/a><\/li><\/ul>\n<\/div><\/div>\n<\/div><\/div><\/section>\n<\/div><\/div><\/div>\n<\/div><\/section>\n\n\n\n<p><\/p>\n\n\n\n<p class=\"has-black-color has-text-color has-large-font-size\">Retrouver la fiche p\u00e9dagogique de l&rsquo;indicateur 1 ci-jointe :<\/p>\n\n\n\n<ul class=\"has-black-color has-text-color\"><li><a href=\"http:\/\/www.charente2050.fr\/wp-content\/uploads\/2026\/04\/Indicateur-1-Evolution-passee-de-la-temperature-de-lair_2024V2.pdf\">Fiche 1 : \u00c9volution pass\u00e9e de la temp\u00e9rature de l&rsquo;air<\/a><\/li><\/ul>\n\n\n\n<p><\/p>\n","protected":false},"excerpt":{"rendered":"<p>D\u00e9finition La temp\u00e9rature de l&rsquo;air r\u00e9sulte de divers \u00e9changes d&rsquo;\u00e9nergie dans l&rsquo;atmosph\u00e8re. Ce param\u00e8tre \u00e9volue naturellement \u00e0 l&rsquo;\u00e9chelle des temps g\u00e9ologique. Cependant, les \u00e9missions de gaz \u00e0 effet de serre d&rsquo;origine anthropique tendent \u00e0 acc\u00e9l\u00e9rer cette \u00e9volution. Ainsi, les temp\u00e9ratures sont mesur\u00e9es par les stations m\u00e9t\u00e9orologiques de M\u00e9t\u00e9o-France en degr\u00e9s Celsius (\u00b0C). Pour cet indicateur, [&hellip;]<\/p>\n","protected":false},"author":1,"featured_media":0,"parent":438,"menu_order":0,"comment_status":"closed","ping_status":"closed","template":"","meta":{"_coblocks_attr":"Arial,","_coblocks_dimensions":"","_coblocks_responsive_height":"","_coblocks_accordion_ie_support":""},"featured_image_src":null,"featured_image_src_square":null,"uagb_featured_image_src":{"full":false,"thumbnail":false,"medium":false,"medium_large":false,"large":false,"1536x1536":false,"2048x2048":false,"ab-block-post-grid-landscape":false,"ab-block-post-grid-square":false,"ultp_layout_landscape_large":false,"ultp_layout_landscape":false,"ultp_layout_portrait":false,"ultp_layout_square":false,"gb-block-post-grid-landscape":false,"gb-block-post-grid-square":false},"uagb_author_info":{"display_name":"adminCharente2050","author_link":"https:\/\/www.charente2050.fr\/?author=1"},"uagb_comment_info":0,"uagb_excerpt":"D\u00e9finition La temp\u00e9rature de l&rsquo;air r\u00e9sulte de divers \u00e9changes d&rsquo;\u00e9nergie dans l&rsquo;atmosph\u00e8re. Ce param\u00e8tre \u00e9volue naturellement \u00e0 l&rsquo;\u00e9chelle des temps g\u00e9ologique. Cependant, les \u00e9missions de gaz \u00e0 effet de serre d&rsquo;origine anthropique tendent \u00e0 acc\u00e9l\u00e9rer cette \u00e9volution. Ainsi, les temp\u00e9ratures sont mesur\u00e9es par les stations m\u00e9t\u00e9orologiques de M\u00e9t\u00e9o-France en degr\u00e9s Celsius (\u00b0C). Pour cet indicateur,\u2026","_links":{"self":[{"href":"https:\/\/www.charente2050.fr\/index.php?rest_route=\/wp\/v2\/pages\/889"}],"collection":[{"href":"https:\/\/www.charente2050.fr\/index.php?rest_route=\/wp\/v2\/pages"}],"about":[{"href":"https:\/\/www.charente2050.fr\/index.php?rest_route=\/wp\/v2\/types\/page"}],"author":[{"embeddable":true,"href":"https:\/\/www.charente2050.fr\/index.php?rest_route=\/wp\/v2\/users\/1"}],"replies":[{"embeddable":true,"href":"https:\/\/www.charente2050.fr\/index.php?rest_route=%2Fwp%2Fv2%2Fcomments&post=889"}],"version-history":[{"count":41,"href":"https:\/\/www.charente2050.fr\/index.php?rest_route=\/wp\/v2\/pages\/889\/revisions"}],"predecessor-version":[{"id":4856,"href":"https:\/\/www.charente2050.fr\/index.php?rest_route=\/wp\/v2\/pages\/889\/revisions\/4856"}],"up":[{"embeddable":true,"href":"https:\/\/www.charente2050.fr\/index.php?rest_route=\/wp\/v2\/pages\/438"}],"wp:attachment":[{"href":"https:\/\/www.charente2050.fr\/index.php?rest_route=%2Fwp%2Fv2%2Fmedia&parent=889"}],"curies":[{"name":"wp","href":"https:\/\/api.w.org\/{rel}","templated":true}]}}